{"id":368,"date":"2019-10-11T17:06:43","date_gmt":"2019-10-11T17:06:43","guid":{"rendered":"https:\/\/ciofs.info\/?page_id=368"},"modified":"2024-09-15T18:19:00","modified_gmt":"2024-09-15T18:19:00","slug":"documents","status":"publish","type":"page","link":"https:\/\/ciofs.info\/es\/library\/documents\/","title":{"rendered":"CIRCULARES \/ OTROS DOCUMENTOS"},"content":{"rendered":"<p><a href=\"https:\/\/ciofs.info\/es\/2020\/11\/27\/franciscan-crown-rosary\/\">la Corona ser\u00e1fica<\/a><br \/>\n&nbsp;<\/p>\n<style type='text\/css' media='all'>#rt-tpg-container-4219593725 .rt-holder .rt-woo-info .price{color:#0367bf;}body .rt-tpg-container .rt-tpg-isotope-buttons .selected,\n\t\t\t\t\t#rt-tpg-container-4219593725 .layout12 .rt-holder:hover .rt-detail,\n\t\t\t\t\t#rt-tpg-container-4219593725 .isotope8 .rt-holder:hover .rt-detail,\n\t\t\t\t\t#rt-tpg-container-4219593725 .carousel8 .rt-holder:hover .rt-detail,\n\t\t\t\t\t#rt-tpg-container-4219593725 .layout13 .rt-holder .overlay .post-info,\n\t\t\t\t\t#rt-tpg-container-4219593725 .isotope9 .rt-holder .overlay .post-info,\n\t\t\t\t\t#rt-tpg-container-4219593725.rt-tpg-container .layout4 .rt-holder .rt-detail,\n\t\t\t\t\t.rt-modal-4219593725 .md-content,\n\t\t\t\t\t.rt-modal-4219593725 .md-content > .rt-md-content-holder .rt-md-content,\n\t\t\t\t\t.rt-popup-wrap-4219593725.rt-popup-wrap .rt-popup-navigation-wrap,\n\t\t\t\t\t#rt-tpg-container-4219593725 .carousel9 .rt-holder .overlay .post-info{background-color:#0367bf;}#rt-tpg-container-4219593725 .layout5 .rt-holder .overlay, #rt-tpg-container-4219593725 .isotope2 .rt-holder .overlay, #rt-tpg-container-4219593725 .carousel2 .rt-holder .overlay,#rt-tpg-container-4219593725 .layout15 .rt-holder h3, #rt-tpg-container-4219593725 .isotope11 .rt-holder h3, #rt-tpg-container-4219593725 .carousel11 .rt-holder h3, #rt-tpg-container-4219593725 .layout16 .rt-holder h3,\n\t\t\t\t\t#rt-tpg-container-4219593725 .isotope12 .rt-holder h3, #rt-tpg-container-4219593725 .carousel12 .rt-holder h3 {background-color:rgba(3,103,191,0.8);}#rt-tpg-container-4219593725 .read-more a{border-radius:px;}#rt-tpg-container-4219593725 .rt-img-holder img.rt-img-responsive,#rt-tpg-container-4219593725 .rt-img-holder,\n\t\t\t\t\t#rt-tpg-container-4219593725 .rt-post-overlay .post-img,\n\t\t\t\t\t#rt-tpg-container-4219593725 .post-sm .post-img,\n\t\t\t\t\t#rt-tpg-container-4219593725 .rt-post-grid .post-img,\n\t\t\t\t\t#rt-tpg-container-4219593725 .post-img img {border-radius:px;}<\/style><div class='rt-container-fluid rt-tpg-container tpg-shortcode-main-wrapper ' id='rt-tpg-container-4219593725'   data-layout='layout2' data-grid-style='even' data-desktop-col='1'  data-tab-col='2'  data-mobile-col='1' data-sc-id='2229'><div data-title='Loading ...' class='rt-row rt-content-loader   layout2 tpg-even '><div class=\"rt-col-md-12 rt-col-sm-6 rt-col-xs-12 even-grid-item rt-grid-item\" data-id=\"7477\"><div class=\"rt-holder\"><div class=\"rt-row\"><div class='rt-col-sm-2 rt-col-xs-12 '><div class=\"rt-img-holder\"><a data-id='7477' class='' href='https:\/\/ciofs.info\/es\/2026\/04\/01\/minister-general-invites-us-to-an-easter-journey-with-st-francis-and-lady-jacoba\/'><img decoding=\"async\" width=\"150\" height=\"93\" src=\"https:\/\/ciofs.info\/wp-content\/uploads\/2026\/04\/Friar-Francis-with-shiny-halo-and-dove-322x200px-150x93.jpg\" class=\"rt-img-responsive \" alt=\"Francis and dove\" \/><\/a><\/div><\/div><div class='rt-col-sm-10 rt-col-xs-12 '><div class='rt-detail'><h2 class=\"entry-title\"><a data-id=\"7477\" class=\"\" href=\"https:\/\/ciofs.info\/es\/2026\/04\/01\/minister-general-invites-us-to-an-easter-journey-with-st-francis-and-lady-jacoba\/\">El ministro general nos invita a un camino de Pascua con San Francisco y do\u00f1a Jacoba<\/a><\/h2><div class='post-meta-user '><span class='date-meta'><i class='far fa-calendar-alt '><\/i>April 1, 2026<\/span><span class='author'><i class='fa fa-user '><\/i><a href=\"https:\/\/ciofs.info\/es\/author\/robert\/\">robert<\/a><\/span><span class='categories-links'><i class='fas fa-folder-open '><\/i><a class=\"circulars-other-documents\" href=\"https:\/\/ciofs.info\/es\/category\/library\/circulars-other-documents\/\" rel=\"tag\">Circulars \/ Other Documents<\/a><span class=\"rt-separator\">,<\/span><a class=\"main-page\" href=\"https:\/\/ciofs.info\/es\/category\/main-page\/\" rel=\"tag\">Main Page<\/a><span class=\"rt-separator\">,<\/span><a class=\"news\" href=\"https:\/\/ciofs.info\/es\/category\/news\/\" rel=\"tag\">News<\/a><\/span><\/div><div class='tpg-excerpt'>Mensaje de Pascua del Ministro General (PDF)...<\/div><span class='read-more '><a data-id='7477' class='' href='https:\/\/ciofs.info\/es\/2026\/04\/01\/minister-general-invites-us-to-an-easter-journey-with-st-francis-and-lady-jacoba\/'>Read More<\/a><\/span><\/div><\/div><\/div><\/div><\/div><div class=\"rt-col-md-12 rt-col-sm-6 rt-col-xs-12 even-grid-item rt-grid-item\" data-id=\"6964\"><div class=\"rt-holder\"><div class=\"rt-row\"><div class='rt-col-sm-2 rt-col-xs-12 '><div class=\"rt-img-holder\"><a data-id='6964' class='' href='https:\/\/ciofs.info\/es\/2025\/11\/21\/monthly-prayer-intentions-of-the-pope-and-the-ofs-youfra-for-the-year-2026\/'><img decoding=\"async\" width=\"150\" height=\"60\" src=\"https:\/\/ciofs.info\/wp-content\/uploads\/2024\/12\/1Praying-Collage-1494166360-1500pix-150x60.jpg\" class=\"rt-img-responsive \" alt=\"praying\" \/><\/a><\/div><\/div><div class='rt-col-sm-10 rt-col-xs-12 '><div class='rt-detail'><h2 class=\"entry-title\"><a data-id=\"6964\" class=\"\" href=\"https:\/\/ciofs.info\/es\/2025\/11\/21\/monthly-prayer-intentions-of-the-pope-and-the-ofs-youfra-for-the-year-2026\/\">Intenciones de oraci\u00f3n mensuales del papa, de la OFS-JUFRA para el a\u00f1o 2026<\/a><\/h2><div class='post-meta-user '><span class='date-meta'><i class='far fa-calendar-alt '><\/i>November 21, 2025<\/span><span class='author'><i class='fa fa-user '><\/i><a href=\"https:\/\/ciofs.info\/es\/author\/robert\/\">robert<\/a><\/span><span class='categories-links'><i class='fas fa-folder-open '><\/i><a class=\"circulars-other-documents\" href=\"https:\/\/ciofs.info\/es\/category\/library\/circulars-other-documents\/\" rel=\"tag\">Circulars \/ Other Documents<\/a><span class=\"rt-separator\">,<\/span><a class=\"main-page\" href=\"https:\/\/ciofs.info\/es\/category\/main-page\/\" rel=\"tag\">Main Page<\/a><span class=\"rt-separator\">,<\/span><a class=\"news\" href=\"https:\/\/ciofs.info\/es\/category\/news\/\" rel=\"tag\">News<\/a><\/span><\/div><div class='tpg-excerpt'>Intenciones de oraci\u00f3n mensuales \u00a0para el a\u00f1o 2026 (PDF) &nbsp;...<\/div><span class='read-more '><a data-id='6964' class='' href='https:\/\/ciofs.info\/es\/2025\/11\/21\/monthly-prayer-intentions-of-the-pope-and-the-ofs-youfra-for-the-year-2026\/'>Read More<\/a><\/span><\/div><\/div><\/div><\/div><\/div><div class=\"rt-col-md-12 rt-col-sm-6 rt-col-xs-12 even-grid-item rt-grid-item\" data-id=\"6943\"><div class=\"rt-holder\"><div class=\"rt-row\"><div class='rt-col-sm-2 rt-col-xs-12 '><div class=\"rt-img-holder\"><a data-id='6943' class='' href='https:\/\/ciofs.info\/es\/2025\/11\/12\/koinonia-03-2025-sister-death-the-last-praise-of-god\/'><img decoding=\"async\" width=\"150\" height=\"70\" src=\"https:\/\/ciofs.info\/wp-content\/uploads\/2025\/11\/Francis1crp1-150x70.webp\" class=\"rt-img-responsive \" alt=\"image of st. francis\" \/><\/a><\/div><\/div><div class='rt-col-sm-10 rt-col-xs-12 '><div class='rt-detail'><h2 class=\"entry-title\"><a data-id=\"6943\" class=\"\" href=\"https:\/\/ciofs.info\/es\/2025\/11\/12\/koinonia-03-2025-sister-death-the-last-praise-of-god\/\">KOIN\u00d5NIA \u2013 03 \u2013 2025: HERMANA MUERTE: \u00a1LA \u00daLTIMA ALABANZA A DIOS!<\/a><\/h2><div class='post-meta-user '><span class='date-meta'><i class='far fa-calendar-alt '><\/i>November 12, 2025<\/span><span class='author'><i class='fa fa-user '><\/i><a href=\"https:\/\/ciofs.info\/es\/author\/robert\/\">robert<\/a><\/span><span class='categories-links'><i class='fas fa-folder-open '><\/i><a class=\"circulars-other-documents\" href=\"https:\/\/ciofs.info\/es\/category\/library\/circulars-other-documents\/\" rel=\"tag\">Circulars \/ Other Documents<\/a><span class=\"rt-separator\">,<\/span><a class=\"main-page\" href=\"https:\/\/ciofs.info\/es\/category\/main-page\/\" rel=\"tag\">Main Page<\/a><span class=\"rt-separator\">,<\/span><a class=\"news\" href=\"https:\/\/ciofs.info\/es\/category\/news\/\" rel=\"tag\">News<\/a><\/span><\/div><div class='tpg-excerpt'>KOIN\u00d5NIA \u2013 03 \u2013 2025 (PDF)...<\/div><span class='read-more '><a data-id='6943' class='' href='https:\/\/ciofs.info\/es\/2025\/11\/12\/koinonia-03-2025-sister-death-the-last-praise-of-god\/'>Read More<\/a><\/span><\/div><\/div><\/div><\/div><\/div><div class=\"rt-col-md-12 rt-col-sm-6 rt-col-xs-12 even-grid-item rt-grid-item\" data-id=\"6667\"><div class=\"rt-holder\"><div class=\"rt-row\"><div class='rt-col-sm-2 rt-col-xs-12 '><div class=\"rt-img-holder\"><a data-id='6667' class='' href='https:\/\/ciofs.info\/es\/2025\/05\/15\/ciofs-introduces-a-new-logo\/'><img loading=\"lazy\" decoding=\"async\" width=\"150\" height=\"150\" src=\"https:\/\/ciofs.info\/wp-content\/uploads\/2025\/05\/CIOFS_logo_onlylogo_brown-300dpi-1200px-150x150.png\" class=\"rt-img-responsive \" alt=\"CIOFS logo\" \/><\/a><\/div><\/div><div class='rt-col-sm-10 rt-col-xs-12 '><div class='rt-detail'><h2 class=\"entry-title\"><a data-id=\"6667\" class=\"\" href=\"https:\/\/ciofs.info\/es\/2025\/05\/15\/ciofs-introduces-a-new-logo\/\">El CIOFS presenta un nuevo logotipo<\/a><\/h2><div class='post-meta-user '><span class='date-meta'><i class='far fa-calendar-alt '><\/i>May 15, 2025<\/span><span class='author'><i class='fa fa-user '><\/i><a href=\"https:\/\/ciofs.info\/es\/author\/robert\/\">robert<\/a><\/span><span class='categories-links'><i class='fas fa-folder-open '><\/i><a class=\"circulars-other-documents\" href=\"https:\/\/ciofs.info\/es\/category\/library\/circulars-other-documents\/\" rel=\"tag\">Circulars \/ Other Documents<\/a><span class=\"rt-separator\">,<\/span><a class=\"main-page\" href=\"https:\/\/ciofs.info\/es\/category\/main-page\/\" rel=\"tag\">Main Page<\/a><span class=\"rt-separator\">,<\/span><a class=\"news\" href=\"https:\/\/ciofs.info\/es\/category\/news\/\" rel=\"tag\">News<\/a><\/span><\/div><div class='tpg-excerpt'>La Presidencia del CIOFS ha aprobado un nuevo dise\u00f1o de marca corporativa centrado en el logotipo internacional de la OFS. El logo busca expresar la naturaleza de la OFS, siendo franciscana, seglar y una orden. Recoge el elemento franciscano del antiguo logotipo, es decir, la \u201cT\u201d de la Tau. El nuevo dise\u00f1o elimina las palabras...<\/div><span class='read-more '><a data-id='6667' class='' href='https:\/\/ciofs.info\/es\/2025\/05\/15\/ciofs-introduces-a-new-logo\/'>Read More<\/a><\/span><\/div><\/div><\/div><\/div><\/div><div class=\"rt-col-md-12 rt-col-sm-6 rt-col-xs-12 even-grid-item rt-grid-item\" data-id=\"6603\"><div class=\"rt-holder\"><div class=\"rt-row\"><div class='rt-col-sm-2 rt-col-xs-12 '><div class=\"rt-img-holder\"><a data-id='6603' class='' href='https:\/\/ciofs.info\/es\/2025\/04\/26\/ciofs-announces-secular-franciscan-day-of-solidarity\/'><img loading=\"lazy\" decoding=\"async\" width=\"150\" height=\"112\" src=\"https:\/\/ciofs.info\/wp-content\/uploads\/2025\/04\/1StElizabethOfHungary-vintage-engraving-crp-600px-150x112.webp\" class=\"rt-img-responsive \" alt=\"St. Elizabeth of Hungary\" \/><\/a><\/div><\/div><div class='rt-col-sm-10 rt-col-xs-12 '><div class='rt-detail'><h2 class=\"entry-title\"><a data-id=\"6603\" class=\"\" href=\"https:\/\/ciofs.info\/es\/2025\/04\/26\/ciofs-announces-secular-franciscan-day-of-solidarity\/\">El CIOFS anuncia el D\u00eda de la Solidaridad Franciscana Seglar<\/a><\/h2><div class='post-meta-user '><span class='date-meta'><i class='far fa-calendar-alt '><\/i>April 26, 2025<\/span><span class='author'><i class='fa fa-user '><\/i><a href=\"https:\/\/ciofs.info\/es\/author\/robert\/\">robert<\/a><\/span><span class='categories-links'><i class='fas fa-folder-open '><\/i><a class=\"circulars-other-documents\" href=\"https:\/\/ciofs.info\/es\/category\/library\/circulars-other-documents\/\" rel=\"tag\">Circulars \/ Other Documents<\/a><span class=\"rt-separator\">,<\/span><a class=\"main-page\" href=\"https:\/\/ciofs.info\/es\/category\/main-page\/\" rel=\"tag\">Main Page<\/a><span class=\"rt-separator\">,<\/span><a class=\"news\" href=\"https:\/\/ciofs.info\/es\/category\/news\/\" rel=\"tag\">News<\/a><\/span><\/div><div class='tpg-excerpt'>La jornada de solidaridad se celebrar\u00e1 anualmente el 17 de noviembre. Carta del Ministro general (PDF) Volante del D\u00eda de la Solidaridad (PDF)...<\/div><span class='read-more '><a data-id='6603' class='' href='https:\/\/ciofs.info\/es\/2025\/04\/26\/ciofs-announces-secular-franciscan-day-of-solidarity\/'>Read More<\/a><\/span><\/div><\/div><\/div><\/div><\/div><div class=\"rt-col-md-12 rt-col-sm-6 rt-col-xs-12 even-grid-item rt-grid-item\" data-id=\"6605\"><div class=\"rt-holder\"><div class=\"rt-row\"><div class='rt-col-sm-2 rt-col-xs-12 '><div class=\"rt-img-holder\"><a data-id='6605' class='' href='https:\/\/ciofs.info\/es\/2025\/04\/25\/franciscan-general-ministers-remember-pope-francis\/'><img loading=\"lazy\" decoding=\"async\" width=\"150\" height=\"150\" src=\"https:\/\/ciofs.info\/wp-content\/uploads\/2020\/10\/1Tibor-and-Pope-2020-10-03-10-34-07-150x150.webp\" class=\"rt-img-responsive \" alt=\"Tibor Kauser and Pope Francis\" \/><\/a><\/div><\/div><div class='rt-col-sm-10 rt-col-xs-12 '><div class='rt-detail'><h2 class=\"entry-title\"><a data-id=\"6605\" class=\"\" href=\"https:\/\/ciofs.info\/es\/2025\/04\/25\/franciscan-general-ministers-remember-pope-francis\/\">Los ministros generales franciscanos recuerdan al Papa Francisco<\/a><\/h2><div class='post-meta-user '><span class='date-meta'><i class='far fa-calendar-alt '><\/i>April 25, 2025<\/span><span class='author'><i class='fa fa-user '><\/i><a href=\"https:\/\/ciofs.info\/es\/author\/robert\/\">robert<\/a><\/span><span class='categories-links'><i class='fas fa-folder-open '><\/i><a class=\"circulars-other-documents\" href=\"https:\/\/ciofs.info\/es\/category\/library\/circulars-other-documents\/\" rel=\"tag\">Circulars \/ Other Documents<\/a><span class=\"rt-separator\">,<\/span><a class=\"main-page\" href=\"https:\/\/ciofs.info\/es\/category\/main-page\/\" rel=\"tag\">Main Page<\/a><span class=\"rt-separator\">,<\/span><a class=\"news\" href=\"https:\/\/ciofs.info\/es\/category\/news\/\" rel=\"tag\">News<\/a><\/span><\/div><div class='tpg-excerpt'>Un Papa que dio cuerpo al carisma franciscano Carta de los ministros generals (PDF)...<\/div><span class='read-more '><a data-id='6605' class='' href='https:\/\/ciofs.info\/es\/2025\/04\/25\/franciscan-general-ministers-remember-pope-francis\/'>Read More<\/a><\/span><\/div><\/div><\/div><\/div><\/div><div class=\"rt-col-md-12 rt-col-sm-6 rt-col-xs-12 even-grid-item rt-grid-item\" data-id=\"6538\"><div class=\"rt-holder\"><div class=\"rt-row\"><div class='rt-col-sm-2 rt-col-xs-12 '><div class=\"rt-img-holder\"><a data-id='6538' class='' href='https:\/\/ciofs.info\/es\/2025\/03\/05\/lent-a-beautiful-time-to-prepare-for-the-joy-of-easter\/'><img loading=\"lazy\" decoding=\"async\" width=\"150\" height=\"150\" src=\"https:\/\/ciofs.info\/wp-content\/uploads\/2020\/05\/Tibor-Kauser-portrait_o-400x400px-150x150.jpg\" class=\"rt-img-responsive \" alt=\"Tibor Kauser\" \/><\/a><\/div><\/div><div class='rt-col-sm-10 rt-col-xs-12 '><div class='rt-detail'><h2 class=\"entry-title\"><a data-id=\"6538\" class=\"\" href=\"https:\/\/ciofs.info\/es\/2025\/03\/05\/lent-a-beautiful-time-to-prepare-for-the-joy-of-easter\/\">Cuaresma: un hermoso tiempo para prepararse a la alegr\u00eda pascual<\/a><\/h2><div class='post-meta-user '><span class='date-meta'><i class='far fa-calendar-alt '><\/i>March 5, 2025<\/span><span class='author'><i class='fa fa-user '><\/i><a href=\"https:\/\/ciofs.info\/es\/author\/robert\/\">robert<\/a><\/span><span class='categories-links'><i class='fas fa-folder-open '><\/i><a class=\"circulars-other-documents\" href=\"https:\/\/ciofs.info\/es\/category\/library\/circulars-other-documents\/\" rel=\"tag\">Circulars \/ Other Documents<\/a><span class=\"rt-separator\">,<\/span><a class=\"main-page\" href=\"https:\/\/ciofs.info\/es\/category\/main-page\/\" rel=\"tag\">Main Page<\/a><span class=\"rt-separator\">,<\/span><a class=\"news\" href=\"https:\/\/ciofs.info\/es\/category\/news\/\" rel=\"tag\">News<\/a><\/span><\/div><div class='tpg-excerpt'>Mensaje del Ministro General...<\/div><span class='read-more '><a data-id='6538' class='' href='https:\/\/ciofs.info\/es\/2025\/03\/05\/lent-a-beautiful-time-to-prepare-for-the-joy-of-easter\/'>Read More<\/a><\/span><\/div><\/div><\/div><\/div><\/div><div class=\"rt-col-md-12 rt-col-sm-6 rt-col-xs-12 even-grid-item rt-grid-item\" data-id=\"6331\"><div class=\"rt-holder\"><div class=\"rt-row\"><div class='rt-col-sm-2 rt-col-xs-12 '><div class=\"rt-img-holder\"><a data-id='6331' class='' href='https:\/\/ciofs.info\/es\/2024\/12\/31\/monthly-prayer-intentions\/'><img decoding=\"async\" width=\"150\" height=\"60\" src=\"https:\/\/ciofs.info\/wp-content\/uploads\/2024\/12\/1Praying-Collage-1494166360-1500pix-150x60.jpg\" class=\"rt-img-responsive \" alt=\"praying\" \/><\/a><\/div><\/div><div class='rt-col-sm-10 rt-col-xs-12 '><div class='rt-detail'><h2 class=\"entry-title\"><a data-id=\"6331\" class=\"\" href=\"https:\/\/ciofs.info\/es\/2024\/12\/31\/monthly-prayer-intentions\/\">INTENCIONES DE ORACI\u00d3N MENSUAL 2025<\/a><\/h2><div class='post-meta-user '><span class='date-meta'><i class='far fa-calendar-alt '><\/i>December 31, 2024<\/span><span class='author'><i class='fa fa-user '><\/i><a href=\"https:\/\/ciofs.info\/es\/author\/robert\/\">robert<\/a><\/span><span class='categories-links'><i class='fas fa-folder-open '><\/i><a class=\"circulars-other-documents\" href=\"https:\/\/ciofs.info\/es\/category\/library\/circulars-other-documents\/\" rel=\"tag\">Circulars \/ Other Documents<\/a><span class=\"rt-separator\">,<\/span><a class=\"main-page\" href=\"https:\/\/ciofs.info\/es\/category\/main-page\/\" rel=\"tag\">Main Page<\/a><span class=\"rt-separator\">,<\/span><a class=\"news\" href=\"https:\/\/ciofs.info\/es\/category\/news\/\" rel=\"tag\">News<\/a><span class=\"rt-separator\">,<\/span><a class=\"youfra\" href=\"https:\/\/ciofs.info\/es\/category\/offices\/youfra\/\" rel=\"tag\">YouFra<\/a><\/span><\/div><div class='tpg-excerpt'>INTENCIONES DE ORACI\u00d3N MENSUAL DE LA OFS-JUFRA (PDF) Para enfatizar la comuni\u00f3n con el Papa, ofrecemos la intenci\u00f3n del Santo Padre para el mes y una intenci\u00f3n para la OFS de acuerdo con la vida y los acontecimientos importantes de la Orden. Las fraternidades locales rezan por ambos. 2025 Enero Por el derecho a la...<\/div><span class='read-more '><a data-id='6331' class='' href='https:\/\/ciofs.info\/es\/2024\/12\/31\/monthly-prayer-intentions\/'>Read More<\/a><\/span><\/div><\/div><\/div><\/div><\/div><div class=\"rt-col-md-12 rt-col-sm-6 rt-col-xs-12 even-grid-item rt-grid-item\" data-id=\"5900\"><div class=\"rt-holder\"><div class=\"rt-row\"><div class='rt-col-sm-2 rt-col-xs-12 '><div class=\"rt-img-holder\"><a data-id='5900' class='' href='https:\/\/ciofs.info\/es\/2024\/10\/03\/feast-of-st-francis-a-time-to-renew-to-go-out-to-serve\/'><img loading=\"lazy\" decoding=\"async\" width=\"150\" height=\"150\" src=\"https:\/\/ciofs.info\/wp-content\/uploads\/2024\/09\/1St-Francis-stained-glass-146870652-10x3-1-150x150.jpg\" class=\"rt-img-responsive \" alt=\"St. Francis stained glass\" \/><\/a><\/div><\/div><div class='rt-col-sm-10 rt-col-xs-12 '><div class='rt-detail'><h2 class=\"entry-title\"><a data-id=\"5900\" class=\"\" href=\"https:\/\/ciofs.info\/es\/2024\/10\/03\/feast-of-st-francis-a-time-to-renew-to-go-out-to-serve\/\">Fiesta de San Francisco: un tiempo para renovarse, para salir a servir<\/a><\/h2><div class='post-meta-user '><span class='date-meta'><i class='far fa-calendar-alt '><\/i>October 3, 2024<\/span><span class='author'><i class='fa fa-user '><\/i><a href=\"https:\/\/ciofs.info\/es\/author\/robert\/\">robert<\/a><\/span><span class='categories-links'><i class='fas fa-folder-open '><\/i><a class=\"circulars-other-documents\" href=\"https:\/\/ciofs.info\/es\/category\/library\/circulars-other-documents\/\" rel=\"tag\">Circulars \/ Other Documents<\/a><span class=\"rt-separator\">,<\/span><a class=\"main-page\" href=\"https:\/\/ciofs.info\/es\/category\/main-page\/\" rel=\"tag\">Main Page<\/a><span class=\"rt-separator\">,<\/span><a class=\"news\" href=\"https:\/\/ciofs.info\/es\/category\/news\/\" rel=\"tag\">News<\/a><\/span><\/div><div class='tpg-excerpt'>Por Tibor Kauser, OFS ministro general Recordando los \u00faltimos tiempos de la vida de San Francisco, esto podr\u00eda resonar en nuestros o\u00eddos: \u201cComencemos, hermanos, a servir al Se\u00f1or Dios, pues hasta ahora poco o nada hemos hecho.\u201d (1Cel 103) \u00a1Que esto nos sirva de inspiraci\u00f3n, celebrando la fiesta de nuestro Ser\u00e1fico Padre San Francisco! Esta...<\/div><span class='read-more '><a data-id='5900' class='' href='https:\/\/ciofs.info\/es\/2024\/10\/03\/feast-of-st-francis-a-time-to-renew-to-go-out-to-serve\/'>Read More<\/a><\/span><\/div><\/div><\/div><\/div><\/div><div class=\"rt-col-md-12 rt-col-sm-6 rt-col-xs-12 even-grid-item rt-grid-item\" data-id=\"5882\"><div class=\"rt-holder\"><div class=\"rt-row\"><div class='rt-col-sm-2 rt-col-xs-12 '><div class=\"rt-img-holder\"><a data-id='5882' class='' href='https:\/\/ciofs.info\/es\/2024\/10\/03\/for-holy-land-a-day-of-prayer-and-fasting-on-oct-7\/'><img loading=\"lazy\" decoding=\"async\" width=\"150\" height=\"150\" src=\"https:\/\/ciofs.info\/wp-content\/uploads\/2022\/02\/CIOFS-logo1-150x150.gif\" class=\"rt-img-responsive \" alt=\"CIOFS emblem\" \/><\/a><\/div><\/div><div class='rt-col-sm-10 rt-col-xs-12 '><div class='rt-detail'><h2 class=\"entry-title\"><a data-id=\"5882\" class=\"\" href=\"https:\/\/ciofs.info\/es\/2024\/10\/03\/for-holy-land-a-day-of-prayer-and-fasting-on-oct-7\/\">Por Tierra Santa: Jornada de oraci\u00f3n y ayuno el 7 de octubre<\/a><\/h2><div class='post-meta-user '><span class='date-meta'><i class='far fa-calendar-alt '><\/i>October 3, 2024<\/span><span class='author'><i class='fa fa-user '><\/i><a href=\"https:\/\/ciofs.info\/es\/author\/robert\/\">robert<\/a><\/span><span class='categories-links'><i class='fas fa-folder-open '><\/i><a class=\"circulars-other-documents\" href=\"https:\/\/ciofs.info\/es\/category\/library\/circulars-other-documents\/\" rel=\"tag\">Circulars \/ Other Documents<\/a><span class=\"rt-separator\">,<\/span><a class=\"main-page\" href=\"https:\/\/ciofs.info\/es\/category\/main-page\/\" rel=\"tag\">Main Page<\/a><span class=\"rt-separator\">,<\/span><a class=\"news\" href=\"https:\/\/ciofs.info\/es\/category\/news\/\" rel=\"tag\">News<\/a><\/span><\/div><div class='tpg-excerpt'>Carta del ministro general OFS sobre la oraci\u00f3n y el ayuno por la paz en Tierra Santa Carta del ministro general OFM...<\/div><span class='read-more '><a data-id='5882' class='' href='https:\/\/ciofs.info\/es\/2024\/10\/03\/for-holy-land-a-day-of-prayer-and-fasting-on-oct-7\/'>Read More<\/a><\/span><\/div><\/div><\/div><\/div><\/div><div class=\"rt-col-md-12 rt-col-sm-6 rt-col-xs-12 even-grid-item rt-grid-item\" data-id=\"5869\"><div class=\"rt-holder\"><div class=\"rt-row\"><div class='rt-col-sm-2 rt-col-xs-12 '><div class=\"rt-img-holder\"><a data-id='5869' class='' href='https:\/\/ciofs.info\/es\/2024\/09\/16\/letter-on-stigmata-beyond-mount-la-verna\/'><img loading=\"lazy\" decoding=\"async\" width=\"150\" height=\"150\" src=\"https:\/\/ciofs.info\/wp-content\/uploads\/2024\/05\/1cover-EN-Franciscan-Centenary-2024-CIOFS-150x150.jpg\" class=\"rt-img-responsive \" alt=\"cover of stigmata booklet\" \/><\/a><\/div><\/div><div class='rt-col-sm-10 rt-col-xs-12 '><div class='rt-detail'><h2 class=\"entry-title\"><a data-id=\"5869\" class=\"\" href=\"https:\/\/ciofs.info\/es\/2024\/09\/16\/letter-on-stigmata-beyond-mount-la-verna\/\">Carta sobre los estigmas: M\u00e1s all\u00e1 del monte Alverna<\/a><\/h2><div class='post-meta-user '><span class='date-meta'><i class='far fa-calendar-alt '><\/i>September 16, 2024<\/span><span class='author'><i class='fa fa-user '><\/i><a href=\"https:\/\/ciofs.info\/es\/author\/robert\/\">robert<\/a><\/span><span class='categories-links'><i class='fas fa-folder-open '><\/i><a class=\"8th-centenary-events\" href=\"https:\/\/ciofs.info\/es\/category\/projects\/8th-centenary-events\/\" rel=\"tag\">8th Centenary Events<\/a><span class=\"rt-separator\">,<\/span><a class=\"circulars-other-documents\" href=\"https:\/\/ciofs.info\/es\/category\/library\/circulars-other-documents\/\" rel=\"tag\">Circulars \/ Other Documents<\/a><span class=\"rt-separator\">,<\/span><a class=\"main-page\" href=\"https:\/\/ciofs.info\/es\/category\/main-page\/\" rel=\"tag\">Main Page<\/a><span class=\"rt-separator\">,<\/span><a class=\"news\" href=\"https:\/\/ciofs.info\/es\/category\/news\/\" rel=\"tag\">News<\/a><\/span><\/div><div class='tpg-excerpt'>Mensaje del Ministro General: \u00bfC\u00f3mo nos ha transformado Cristo?...<\/div><span class='read-more '><a data-id='5869' class='' href='https:\/\/ciofs.info\/es\/2024\/09\/16\/letter-on-stigmata-beyond-mount-la-verna\/'>Read More<\/a><\/span><\/div><\/div><\/div><\/div><\/div><div class=\"rt-col-md-12 rt-col-sm-6 rt-col-xs-12 even-grid-item rt-grid-item\" data-id=\"5530\"><div class=\"rt-holder\"><div class=\"rt-row\"><div class='rt-col-sm-2 rt-col-xs-12 '><div class=\"rt-img-holder\"><a data-id='5530' class='' href='https:\/\/ciofs.info\/es\/2024\/04\/09\/letter-on-peace-and-disarmament\/'><img loading=\"lazy\" decoding=\"async\" width=\"150\" height=\"150\" src=\"https:\/\/ciofs.info\/wp-content\/uploads\/2022\/02\/CIOFS-logo1-150x150.gif\" class=\"rt-img-responsive \" alt=\"CIOFS emblem\" \/><\/a><\/div><\/div><div class='rt-col-sm-10 rt-col-xs-12 '><div class='rt-detail'><h2 class=\"entry-title\"><a data-id=\"5530\" class=\"\" href=\"https:\/\/ciofs.info\/es\/2024\/04\/09\/letter-on-peace-and-disarmament\/\">Carta sobre la paz y el desarme<\/a><\/h2><div class='post-meta-user '><span class='date-meta'><i class='far fa-calendar-alt '><\/i>April 9, 2024<\/span><span class='author'><i class='fa fa-user '><\/i><a href=\"https:\/\/ciofs.info\/es\/author\/robert\/\">robert<\/a><\/span><span class='categories-links'><i class='fas fa-folder-open '><\/i><a class=\"circulars-other-documents\" href=\"https:\/\/ciofs.info\/es\/category\/library\/circulars-other-documents\/\" rel=\"tag\">Circulars \/ Other Documents<\/a><span class=\"rt-separator\">,<\/span><a class=\"jpic\" href=\"https:\/\/ciofs.info\/es\/category\/offices\/jpic\/\" rel=\"tag\">Jpic<\/a><span class=\"rt-separator\">,<\/span><a class=\"main-page\" href=\"https:\/\/ciofs.info\/es\/category\/main-page\/\" rel=\"tag\">Main Page<\/a><span class=\"rt-separator\">,<\/span><a class=\"news\" href=\"https:\/\/ciofs.info\/es\/category\/news\/\" rel=\"tag\">News<\/a><\/span><\/div><div class='tpg-excerpt'>Carta sobre la paz y el desarme PDF...<\/div><span class='read-more '><a data-id='5530' class='' href='https:\/\/ciofs.info\/es\/2024\/04\/09\/letter-on-peace-and-disarmament\/'>Read More<\/a><\/span><\/div><\/div><\/div><\/div><\/div><div class=\"rt-col-md-12 rt-col-sm-6 rt-col-xs-12 even-grid-item rt-grid-item\" data-id=\"5449\"><div class=\"rt-holder\"><div class=\"rt-row\"><div class='rt-col-sm-2 rt-col-xs-12 '><div class=\"rt-img-holder\"><a data-id='5449' class='' href='https:\/\/ciofs.info\/es\/2024\/02\/14\/report-of-2021-general-chapter-available-as-digital-book\/'><img loading=\"lazy\" decoding=\"async\" width=\"150\" height=\"150\" src=\"https:\/\/ciofs.info\/wp-content\/uploads\/2024\/02\/1ATTI-cover-250px-150x150.jpg\" class=\"rt-img-responsive \" alt=\"cover image\" \/><\/a><\/div><\/div><div class='rt-col-sm-10 rt-col-xs-12 '><div class='rt-detail'><h2 class=\"entry-title\"><a data-id=\"5449\" class=\"\" href=\"https:\/\/ciofs.info\/es\/2024\/02\/14\/report-of-2021-general-chapter-available-as-digital-book\/\">El informe del Cap\u00edtulo General de 2021 est\u00e1 disponible como libro digital<\/a><\/h2><div class='post-meta-user '><span class='date-meta'><i class='far fa-calendar-alt '><\/i>February 14, 2024<\/span><span class='author'><i class='fa fa-user '><\/i><a href=\"https:\/\/ciofs.info\/es\/author\/robert\/\">robert<\/a><\/span><span class='categories-links'><i class='fas fa-folder-open '><\/i><a class=\"2021-general-chapter\" href=\"https:\/\/ciofs.info\/es\/category\/news\/gen-chapter\/2021-general-chapter\/\" rel=\"tag\">2021 General Chapter<\/a><span class=\"rt-separator\">,<\/span><a class=\"circulars-other-documents\" href=\"https:\/\/ciofs.info\/es\/category\/library\/circulars-other-documents\/\" rel=\"tag\">Circulars \/ Other Documents<\/a><span class=\"rt-separator\">,<\/span><a class=\"news\" href=\"https:\/\/ciofs.info\/es\/category\/news\/\" rel=\"tag\">News<\/a><\/span><\/div><div class='tpg-excerpt'>El informe final del Cap\u00edtulo General de 2021 ya est\u00e1 disponible como libro digital en este sitio web. La mayor parte del informe est\u00e1 en italiano, con algunas secciones en ingl\u00e9s, espa\u00f1ol y franc\u00e9s. El informe del Cap\u00edtulo General de 2021 (PDF) Versi\u00f3n Flipbook...<\/div><span class='read-more '><a data-id='5449' class='' href='https:\/\/ciofs.info\/es\/2024\/02\/14\/report-of-2021-general-chapter-available-as-digital-book\/'>Read More<\/a><\/span><\/div><\/div><\/div><\/div><\/div><div class=\"rt-col-md-12 rt-col-sm-6 rt-col-xs-12 even-grid-item rt-grid-item\" data-id=\"5438\"><div class=\"rt-holder\"><div class=\"rt-row\"><div class='rt-col-sm-2 rt-col-xs-12 '><div class=\"rt-img-holder\"><a data-id='5438' class='' href='https:\/\/ciofs.info\/es\/2024\/02\/06\/st-bonaventure-a-voice-still-relevant-today\/'><img loading=\"lazy\" decoding=\"async\" width=\"150\" height=\"150\" src=\"https:\/\/ciofs.info\/wp-content\/uploads\/2024\/02\/1Bonaventure-150x150.jpg\" class=\"rt-img-responsive \" alt=\"S. Bonaventura\" \/><\/a><\/div><\/div><div class='rt-col-sm-10 rt-col-xs-12 '><div class='rt-detail'><h2 class=\"entry-title\"><a data-id=\"5438\" class=\"\" href=\"https:\/\/ciofs.info\/es\/2024\/02\/06\/st-bonaventure-a-voice-still-relevant-today\/\">San Buenaventura: una voz todav\u00eda actual<\/a><\/h2><div class='post-meta-user '><span class='date-meta'><i class='far fa-calendar-alt '><\/i>February 6, 2024<\/span><span class='author'><i class='fa fa-user '><\/i><a href=\"https:\/\/ciofs.info\/es\/author\/robert\/\">robert<\/a><\/span><span class='categories-links'><i class='fas fa-folder-open '><\/i><a class=\"circulars-other-documents\" href=\"https:\/\/ciofs.info\/es\/category\/library\/circulars-other-documents\/\" rel=\"tag\">Circulars \/ Other Documents<\/a><span class=\"rt-separator\">,<\/span><a class=\"main-page\" href=\"https:\/\/ciofs.info\/es\/category\/main-page\/\" rel=\"tag\">Main Page<\/a><span class=\"rt-separator\">,<\/span><a class=\"news\" href=\"https:\/\/ciofs.info\/es\/category\/news\/\" rel=\"tag\">News<\/a><\/span><\/div><div class='tpg-excerpt'>Carta de los ministros generales de la Primera Orden y de la Tercera Orden Regular en el 750\u00b0 aniversario de la muerte de san Buenaventura. Carta: San Buenaventura &#8211; 750 a\u00f1os...<\/div><span class='read-more '><a data-id='5438' class='' href='https:\/\/ciofs.info\/es\/2024\/02\/06\/st-bonaventure-a-voice-still-relevant-today\/'>Read More<\/a><\/span><\/div><\/div><\/div><\/div><\/div><div class=\"rt-col-md-12 rt-col-sm-6 rt-col-xs-12 even-grid-item rt-grid-item\" data-id=\"5364\"><div class=\"rt-holder\"><div class=\"rt-row\"><div class='rt-col-sm-2 rt-col-xs-12 '><div class=\"rt-img-holder\"><a data-id='5364' class='' href='https:\/\/ciofs.info\/es\/2024\/01\/23\/guidelines-for-working-with-franciscan-children-and-adolescents\/'><img loading=\"lazy\" decoding=\"async\" width=\"150\" height=\"150\" src=\"https:\/\/ciofs.info\/wp-content\/uploads\/2024\/01\/1FranChildrenImage-150x150.jpg\" class=\"rt-img-responsive \" alt=\"Franciscan children\" \/><\/a><\/div><\/div><div class='rt-col-sm-10 rt-col-xs-12 '><div class='rt-detail'><h2 class=\"entry-title\"><a data-id=\"5364\" class=\"\" href=\"https:\/\/ciofs.info\/es\/2024\/01\/23\/guidelines-for-working-with-franciscan-children-and-adolescents\/\">L\u00edneas gu\u00eda para trabajar con ni\u00f1os y adolescentes franciscanos<\/a><\/h2><div class='post-meta-user '><span class='date-meta'><i class='far fa-calendar-alt '><\/i>January 23, 2024<\/span><span class='author'><i class='fa fa-user '><\/i><a href=\"https:\/\/ciofs.info\/es\/author\/robert\/\">robert<\/a><\/span><span class='categories-links'><i class='fas fa-folder-open '><\/i><a class=\"circulars-other-documents\" href=\"https:\/\/ciofs.info\/es\/category\/library\/circulars-other-documents\/\" rel=\"tag\">Circulars \/ Other Documents<\/a><span class=\"rt-separator\">,<\/span><a class=\"franciscan-children\" href=\"https:\/\/ciofs.info\/es\/category\/offices\/franciscan-children\/\" rel=\"tag\">Franciscan Children<\/a><span class=\"rt-separator\">,<\/span><a class=\"main-page\" href=\"https:\/\/ciofs.info\/es\/category\/main-page\/\" rel=\"tag\">Main Page<\/a><span class=\"rt-separator\">,<\/span><a class=\"news\" href=\"https:\/\/ciofs.info\/es\/category\/news\/\" rel=\"tag\">News<\/a><\/span><\/div><div class='tpg-excerpt'>Carta de presentacio\u0301n Li\u0301neas-gui\u0301a para la animacio\u0301n L\u00edneas gu\u00eda para ni\u00f1os y adolescentes...<\/div><span class='read-more '><a data-id='5364' class='' href='https:\/\/ciofs.info\/es\/2024\/01\/23\/guidelines-for-working-with-franciscan-children-and-adolescents\/'>Read More<\/a><\/span><\/div><\/div><\/div><\/div><\/div><div class=\"rt-col-md-12 rt-col-sm-6 rt-col-xs-12 even-grid-item rt-grid-item\" data-id=\"5295\"><div class=\"rt-holder\"><div class=\"rt-row\"><div class='rt-col-sm-2 rt-col-xs-12 '><div class=\"rt-img-holder\"><a data-id='5295' class='' href='https:\/\/ciofs.info\/es\/2023\/12\/23\/christmas-message-from-the-minister-general\/'><img loading=\"lazy\" decoding=\"async\" width=\"150\" height=\"150\" src=\"https:\/\/ciofs.info\/wp-content\/uploads\/2023\/12\/1Natale-art-2023-600px1-150x150.jpg\" class=\"rt-img-responsive \" alt=\"Natale\" \/><\/a><\/div><\/div><div class='rt-col-sm-10 rt-col-xs-12 '><div class='rt-detail'><h2 class=\"entry-title\"><a data-id=\"5295\" class=\"\" href=\"https:\/\/ciofs.info\/es\/2023\/12\/23\/christmas-message-from-the-minister-general\/\">Mensaje de Navidad del ministro general<\/a><\/h2><div class='post-meta-user '><span class='date-meta'><i class='far fa-calendar-alt '><\/i>December 23, 2023<\/span><span class='author'><i class='fa fa-user '><\/i><a href=\"https:\/\/ciofs.info\/es\/author\/robert\/\">robert<\/a><\/span><span class='categories-links'><i class='fas fa-folder-open '><\/i><a class=\"circulars-other-documents\" href=\"https:\/\/ciofs.info\/es\/category\/library\/circulars-other-documents\/\" rel=\"tag\">Circulars \/ Other Documents<\/a><span class=\"rt-separator\">,<\/span><a class=\"main-page\" href=\"https:\/\/ciofs.info\/es\/category\/main-page\/\" rel=\"tag\">Main Page<\/a><span class=\"rt-separator\">,<\/span><a class=\"news\" href=\"https:\/\/ciofs.info\/es\/category\/news\/\" rel=\"tag\">News<\/a><\/span><\/div><div class='tpg-excerpt'>Como en la Natividad, dejemos que Jes\u00fas cobre vida para nosotros Carta de Navidad | Tarjeta de Navidad (EN &amp; IT) (EN &amp; IT)...<\/div><span class='read-more '><a data-id='5295' class='' href='https:\/\/ciofs.info\/es\/2023\/12\/23\/christmas-message-from-the-minister-general\/'>Read More<\/a><\/span><\/div><\/div><\/div><\/div><\/div><div class=\"rt-col-md-12 rt-col-sm-6 rt-col-xs-12 even-grid-item rt-grid-item\" data-id=\"5256\"><div class=\"rt-holder\"><div class=\"rt-row\"><div class='rt-col-sm-2 rt-col-xs-12 '><div class=\"rt-img-holder\"><a data-id='5256' class='' href='https:\/\/ciofs.info\/es\/2023\/11\/21\/monthly-prayer-intentions-ofs-youfra-2024\/'><img loading=\"lazy\" decoding=\"async\" width=\"150\" height=\"150\" src=\"https:\/\/ciofs.info\/wp-content\/uploads\/2023\/11\/1Praying-1708306721-2x1.3-150x150.jpg\" class=\"rt-img-responsive \" alt=\"Praying\" \/><\/a><\/div><\/div><div class='rt-col-sm-10 rt-col-xs-12 '><div class='rt-detail'><h2 class=\"entry-title\"><a data-id=\"5256\" class=\"\" href=\"https:\/\/ciofs.info\/es\/2023\/11\/21\/monthly-prayer-intentions-ofs-youfra-2024\/\">Intenciones Mensuales di Oraci\u00f3n &#8211; OFS-JUFRA (2024)<\/a><\/h2><div class='post-meta-user '><span class='date-meta'><i class='far fa-calendar-alt '><\/i>November 21, 2023<\/span><span class='author'><i class='fa fa-user '><\/i><a href=\"https:\/\/ciofs.info\/es\/author\/robert\/\">robert<\/a><\/span><span class='categories-links'><i class='fas fa-folder-open '><\/i><a class=\"circulars-other-documents\" href=\"https:\/\/ciofs.info\/es\/category\/library\/circulars-other-documents\/\" rel=\"tag\">Circulars \/ Other Documents<\/a><span class=\"rt-separator\">,<\/span><a class=\"main-page\" href=\"https:\/\/ciofs.info\/es\/category\/main-page\/\" rel=\"tag\">Main Page<\/a><span class=\"rt-separator\">,<\/span><a class=\"news\" href=\"https:\/\/ciofs.info\/es\/category\/news\/\" rel=\"tag\">News<\/a><\/span><\/div><div class='tpg-excerpt'>Intenciones Mensuales di Oraci\u00f3n (PDF)...<\/div><span class='read-more '><a data-id='5256' class='' href='https:\/\/ciofs.info\/es\/2023\/11\/21\/monthly-prayer-intentions-ofs-youfra-2024\/'>Read More<\/a><\/span><\/div><\/div><\/div><\/div><\/div><div class=\"rt-col-md-12 rt-col-sm-6 rt-col-xs-12 even-grid-item rt-grid-item\" data-id=\"5139\"><div class=\"rt-holder\"><div class=\"rt-row\"><div class='rt-col-sm-2 rt-col-xs-12 '><div class=\"rt-img-holder\"><a data-id='5139' class='' href='https:\/\/ciofs.info\/es\/2023\/10\/26\/plenary-indulgence-on-the-occasion-of-the-eighth-centenary-of-christmas-at-greccio\/'><img loading=\"lazy\" decoding=\"async\" width=\"150\" height=\"150\" src=\"https:\/\/ciofs.info\/wp-content\/uploads\/2023\/10\/1Fresco-of-Nativity-scene-533232299-2400px-150x150.jpg\" class=\"rt-img-responsive \" alt=\"nativity scene\" \/><\/a><\/div><\/div><div class='rt-col-sm-10 rt-col-xs-12 '><div class='rt-detail'><h2 class=\"entry-title\"><a data-id=\"5139\" class=\"\" href=\"https:\/\/ciofs.info\/es\/2023\/10\/26\/plenary-indulgence-on-the-occasion-of-the-eighth-centenary-of-christmas-at-greccio\/\">Indulgencia plenaria en ocasi\u00f3n del octavo centenario de la \u201cNavidad de Greccio\u201d<\/a><\/h2><div class='post-meta-user '><span class='date-meta'><i class='far fa-calendar-alt '><\/i>October 26, 2023<\/span><span class='author'><i class='fa fa-user '><\/i><a href=\"https:\/\/ciofs.info\/es\/author\/robert\/\">robert<\/a><\/span><span class='categories-links'><i class='fas fa-folder-open '><\/i><a class=\"8th-centenary-events\" href=\"https:\/\/ciofs.info\/es\/category\/projects\/8th-centenary-events\/\" rel=\"tag\">8th Centenary Events<\/a><span class=\"rt-separator\">,<\/span><a class=\"circulars-other-documents\" href=\"https:\/\/ciofs.info\/es\/category\/library\/circulars-other-documents\/\" rel=\"tag\">Circulars \/ Other Documents<\/a><span class=\"rt-separator\">,<\/span><a class=\"news\" href=\"https:\/\/ciofs.info\/es\/category\/news\/\" rel=\"tag\">News<\/a><\/span><\/div><div class='tpg-excerpt'>Carta de la Conferencia de la Familia Franciscana...<\/div><span class='read-more '><a data-id='5139' class='' href='https:\/\/ciofs.info\/es\/2023\/10\/26\/plenary-indulgence-on-the-occasion-of-the-eighth-centenary-of-christmas-at-greccio\/'>Read More<\/a><\/span><\/div><\/div><\/div><\/div><\/div><div class=\"rt-col-md-12 rt-col-sm-6 rt-col-xs-12 even-grid-item rt-grid-item\" data-id=\"5050\"><div class=\"rt-holder\"><div class=\"rt-row\"><div class='rt-col-sm-2 rt-col-xs-12 '><div class=\"rt-img-holder\"><a data-id='5050' class='' href='https:\/\/ciofs.info\/es\/2023\/05\/22\/minister-generals-pentecost-letter-pray-for-the-gifts-of-the-holy-spirit\/'><img loading=\"lazy\" decoding=\"async\" width=\"150\" height=\"150\" src=\"https:\/\/ciofs.info\/wp-content\/uploads\/2022\/02\/CIOFS-logo1-150x150.gif\" class=\"rt-img-responsive \" alt=\"CIOFS emblem\" \/><\/a><\/div><\/div><div class='rt-col-sm-10 rt-col-xs-12 '><div class='rt-detail'><h2 class=\"entry-title\"><a data-id=\"5050\" class=\"\" href=\"https:\/\/ciofs.info\/es\/2023\/05\/22\/minister-generals-pentecost-letter-pray-for-the-gifts-of-the-holy-spirit\/\">Carta de Pentecost\u00e9s del Ministro General: Oren por los dones del Esp\u00edritu Santo<\/a><\/h2><div class='post-meta-user '><span class='date-meta'><i class='far fa-calendar-alt '><\/i>May 22, 2023<\/span><span class='author'><i class='fa fa-user '><\/i><a href=\"https:\/\/ciofs.info\/es\/author\/robert\/\">robert<\/a><\/span><span class='categories-links'><i class='fas fa-folder-open '><\/i><a class=\"circulars-other-documents\" href=\"https:\/\/ciofs.info\/es\/category\/library\/circulars-other-documents\/\" rel=\"tag\">Circulars \/ Other Documents<\/a><span class=\"rt-separator\">,<\/span><a class=\"news\" href=\"https:\/\/ciofs.info\/es\/category\/news\/\" rel=\"tag\">News<\/a><\/span><\/div><div class='tpg-excerpt'>Carta de Pentecost\u00e9s...<\/div><span class='read-more '><a data-id='5050' class='' href='https:\/\/ciofs.info\/es\/2023\/05\/22\/minister-generals-pentecost-letter-pray-for-the-gifts-of-the-holy-spirit\/'>Read More<\/a><\/span><\/div><\/div><\/div><\/div><\/div><div class=\"rt-col-md-12 rt-col-sm-6 rt-col-xs-12 even-grid-item rt-grid-item\" data-id=\"4958\"><div class=\"rt-holder\"><div class=\"rt-row\"><div class='rt-col-sm-2 rt-col-xs-12 '><div class=\"rt-img-holder\"><a data-id='4958' class='' href='https:\/\/ciofs.info\/es\/2023\/04\/18\/chapter-of-mats-update-change-of-date\/'><img loading=\"lazy\" decoding=\"async\" width=\"150\" height=\"150\" src=\"https:\/\/ciofs.info\/wp-content\/uploads\/2022\/02\/CIOFS-logo1-150x150.gif\" class=\"rt-img-responsive \" alt=\"CIOFS emblem\" \/><\/a><\/div><\/div><div class='rt-col-sm-10 rt-col-xs-12 '><div class='rt-detail'><h2 class=\"entry-title\"><a data-id=\"4958\" class=\"\" href=\"https:\/\/ciofs.info\/es\/2023\/04\/18\/chapter-of-mats-update-change-of-date\/\">Capi\u0301tulo de las Esteras: cambio de fecha<\/a><\/h2><div class='post-meta-user '><span class='date-meta'><i class='far fa-calendar-alt '><\/i>April 18, 2023<\/span><span class='author'><i class='fa fa-user '><\/i><a href=\"https:\/\/ciofs.info\/es\/author\/robert\/\">robert<\/a><\/span><span class='categories-links'><i class='fas fa-folder-open '><\/i><a class=\"circulars-other-documents\" href=\"https:\/\/ciofs.info\/es\/category\/library\/circulars-other-documents\/\" rel=\"tag\">Circulars \/ Other Documents<\/a><span class=\"rt-separator\">,<\/span><a class=\"main-page\" href=\"https:\/\/ciofs.info\/es\/category\/main-page\/\" rel=\"tag\">Main Page<\/a><span class=\"rt-separator\">,<\/span><a class=\"news\" href=\"https:\/\/ciofs.info\/es\/category\/news\/\" rel=\"tag\">News<\/a><\/span><\/div><div class='tpg-excerpt'>Capi\u0301tulo de las Esteras(PDF)...<\/div><span class='read-more '><a data-id='4958' class='' href='https:\/\/ciofs.info\/es\/2023\/04\/18\/chapter-of-mats-update-change-of-date\/'>Read More<\/a><\/span><\/div><\/div><\/div><\/div><\/div><div class=\"rt-col-md-12 rt-col-sm-6 rt-col-xs-12 even-grid-item rt-grid-item\" data-id=\"4809\"><div class=\"rt-holder\"><div class=\"rt-row\"><div class='rt-col-sm-2 rt-col-xs-12 '><div class=\"rt-img-holder\"><a data-id='4809' class='' href='https:\/\/ciofs.info\/es\/2023\/02\/10\/help-brother-and-sisters-in-syria-and-turkey\/'><img loading=\"lazy\" decoding=\"async\" width=\"150\" height=\"150\" src=\"https:\/\/ciofs.info\/wp-content\/uploads\/2023\/01\/Tau-150x150.jpg\" class=\"rt-img-responsive \" alt=\"\" \/><\/a><\/div><\/div><div class='rt-col-sm-10 rt-col-xs-12 '><div class='rt-detail'><h2 class=\"entry-title\"><a data-id=\"4809\" class=\"\" href=\"https:\/\/ciofs.info\/es\/2023\/02\/10\/help-brother-and-sisters-in-syria-and-turkey\/\">Necesidad de ayuda para los hermanos y hermanas en Siria y en Turqu\u00eda<\/a><\/h2><div class='post-meta-user '><span class='date-meta'><i class='far fa-calendar-alt '><\/i>February 10, 2023<\/span><span class='author'><i class='fa fa-user '><\/i><a href=\"https:\/\/ciofs.info\/es\/author\/robert\/\">robert<\/a><\/span><span class='categories-links'><i class='fas fa-folder-open '><\/i><a class=\"circulars-other-documents\" href=\"https:\/\/ciofs.info\/es\/category\/library\/circulars-other-documents\/\" rel=\"tag\">Circulars \/ Other Documents<\/a><span class=\"rt-separator\">,<\/span><a class=\"main-page\" href=\"https:\/\/ciofs.info\/es\/category\/main-page\/\" rel=\"tag\">Main Page<\/a><span class=\"rt-separator\">,<\/span><a class=\"news\" href=\"https:\/\/ciofs.info\/es\/category\/news\/\" rel=\"tag\">News<\/a><\/span><\/div><div class='tpg-excerpt'>...<\/div><span class='read-more '><a data-id='4809' class='' href='https:\/\/ciofs.info\/es\/2023\/02\/10\/help-brother-and-sisters-in-syria-and-turkey\/'>Read More<\/a><\/span><\/div><\/div><\/div><\/div><\/div><div class=\"rt-col-md-12 rt-col-sm-6 rt-col-xs-12 even-grid-item rt-grid-item\" data-id=\"4750\"><div class=\"rt-holder\"><div class=\"rt-row\"><div class='rt-col-sm-2 rt-col-xs-12 '><div class=\"rt-img-holder\"><a data-id='4750' class='' href='https:\/\/ciofs.info\/es\/2023\/01\/03\/monthly-prayer-intentions-for-2023\/'><img loading=\"lazy\" decoding=\"async\" width=\"150\" height=\"150\" src=\"https:\/\/ciofs.info\/wp-content\/uploads\/2021\/12\/1virtual-praying-1221394739-crp2-1500px-150x150.jpg\" class=\"rt-img-responsive \" alt=\"praying virtually on computer\" \/><\/a><\/div><\/div><div class='rt-col-sm-10 rt-col-xs-12 '><div class='rt-detail'><h2 class=\"entry-title\"><a data-id=\"4750\" class=\"\" href=\"https:\/\/ciofs.info\/es\/2023\/01\/03\/monthly-prayer-intentions-for-2023\/\">Intenciones de oraci\u00f3n mensuales para 2023<\/a><\/h2><div class='post-meta-user '><span class='date-meta'><i class='far fa-calendar-alt '><\/i>January 3, 2023<\/span><span class='author'><i class='fa fa-user '><\/i><a href=\"https:\/\/ciofs.info\/es\/author\/robert\/\">robert<\/a><\/span><span class='categories-links'><i class='fas fa-folder-open '><\/i><a class=\"circulars-other-documents\" href=\"https:\/\/ciofs.info\/es\/category\/library\/circulars-other-documents\/\" rel=\"tag\">Circulars \/ Other Documents<\/a><span class=\"rt-separator\">,<\/span><a class=\"news\" href=\"https:\/\/ciofs.info\/es\/category\/news\/\" rel=\"tag\">News<\/a><\/span><\/div><div class='tpg-excerpt'>...<\/div><span class='read-more '><a data-id='4750' class='' href='https:\/\/ciofs.info\/es\/2023\/01\/03\/monthly-prayer-intentions-for-2023\/'>Read More<\/a><\/span><\/div><\/div><\/div><\/div><\/div><div class=\"rt-col-md-12 rt-col-sm-6 rt-col-xs-12 even-grid-item rt-grid-item\" data-id=\"4691\"><div class=\"rt-holder\"><div class=\"rt-row\"><div class='rt-col-sm-2 rt-col-xs-12 '><div class=\"rt-img-holder\"><a data-id='4691' class='' href='https:\/\/ciofs.info\/es\/2022\/12\/04\/joyful-announcement-look-forward-to-a-chapter-of-mats-in-2024\/'><img loading=\"lazy\" decoding=\"async\" width=\"150\" height=\"150\" src=\"https:\/\/ciofs.info\/wp-content\/uploads\/2022\/12\/1IMG_0617-crp-150x150.jpg\" class=\"rt-img-responsive \" alt=\"General Chapter group photo\" \/><\/a><\/div><\/div><div class='rt-col-sm-10 rt-col-xs-12 '><div class='rt-detail'><h2 class=\"entry-title\"><a data-id=\"4691\" class=\"\" href=\"https:\/\/ciofs.info\/es\/2022\/12\/04\/joyful-announcement-look-forward-to-a-chapter-of-mats-in-2024\/\">Anuncio gozoso: esperamos un cap\u00edtulo de esteras en 2024<\/a><\/h2><div class='post-meta-user '><span class='date-meta'><i class='far fa-calendar-alt '><\/i>December 4, 2022<\/span><span class='author'><i class='fa fa-user '><\/i><a href=\"https:\/\/ciofs.info\/es\/author\/robert\/\">robert<\/a><\/span><span class='categories-links'><i class='fas fa-folder-open '><\/i><a class=\"circulars-other-documents\" href=\"https:\/\/ciofs.info\/es\/category\/library\/circulars-other-documents\/\" rel=\"tag\">Circulars \/ Other Documents<\/a><span class=\"rt-separator\">,<\/span><a class=\"main-page\" href=\"https:\/\/ciofs.info\/es\/category\/main-page\/\" rel=\"tag\">Main Page<\/a><span class=\"rt-separator\">,<\/span><a class=\"news\" href=\"https:\/\/ciofs.info\/es\/category\/news\/\" rel=\"tag\">News<\/a><\/span><\/div><div class='tpg-excerpt'>Con gran alegr\u00eda, el Ministro General Tibor Kauser anuncia un Cap\u00edtulo de las Esteras para la Orden Franciscana Seglar y la Jufra que se llevar\u00e1 a cabo del 14 al 19 de noviembre de 2024 en Roma, Italia. Esto seguir\u00e1 inmediatamente al Cap\u00edtulo General de 2024. Es una forma de celebrar los 800 aniversarios de...<\/div><span class='read-more '><a data-id='4691' class='' href='https:\/\/ciofs.info\/es\/2022\/12\/04\/joyful-announcement-look-forward-to-a-chapter-of-mats-in-2024\/'>Read More<\/a><\/span><\/div><\/div><\/div><\/div><\/div><div class=\"rt-col-md-12 rt-col-sm-6 rt-col-xs-12 even-grid-item rt-grid-item\" data-id=\"4617\"><div class=\"rt-holder\"><div class=\"rt-row\"><div class='rt-col-sm-2 rt-col-xs-12 '><div class=\"rt-img-holder\"><a data-id='4617' class='' href='https:\/\/ciofs.info\/es\/2022\/11\/02\/ofs-remember-first-minister-general\/'><img loading=\"lazy\" decoding=\"async\" width=\"150\" height=\"150\" src=\"https:\/\/ciofs.info\/wp-content\/uploads\/2022\/02\/CIOFS-logo1-150x150.gif\" class=\"rt-img-responsive \" alt=\"CIOFS emblem\" \/><\/a><\/div><\/div><div class='rt-col-sm-10 rt-col-xs-12 '><div class='rt-detail'><h2 class=\"entry-title\"><a data-id=\"4617\" class=\"\" href=\"https:\/\/ciofs.info\/es\/2022\/11\/02\/ofs-remember-first-minister-general\/\">OFS recuerda a la primera ministra general<\/a><\/h2><div class='post-meta-user '><span class='date-meta'><i class='far fa-calendar-alt '><\/i>November 2, 2022<\/span><span class='author'><i class='fa fa-user '><\/i><a href=\"https:\/\/ciofs.info\/es\/author\/robert\/\">robert<\/a><\/span><span class='categories-links'><i class='fas fa-folder-open '><\/i><a class=\"circulars-other-documents\" href=\"https:\/\/ciofs.info\/es\/category\/library\/circulars-other-documents\/\" rel=\"tag\">Circulars \/ Other Documents<\/a><span class=\"rt-separator\">,<\/span><a class=\"main-page\" href=\"https:\/\/ciofs.info\/es\/category\/main-page\/\" rel=\"tag\">Main Page<\/a><span class=\"rt-separator\">,<\/span><a class=\"news\" href=\"https:\/\/ciofs.info\/es\/category\/news\/\" rel=\"tag\">News<\/a><\/span><\/div><div class='tpg-excerpt'>La Orden Franciscana Seglar recuerda a Manuela Mattioli en el 30 aniversario de su muerte el 3 de noviembre. Fue la primera ministra general de la OFS despu\u00e9s de la Regla de 1978 del Papa Pablo VI y la reorganizaci\u00f3n en una orden mundial. Carta del Ministro General Tibor Kauser Informaci\u00f3n sobre Manuela Mattioli por...<\/div><span class='read-more '><a data-id='4617' class='' href='https:\/\/ciofs.info\/es\/2022\/11\/02\/ofs-remember-first-minister-general\/'>Read More<\/a><\/span><\/div><\/div><\/div><\/div><\/div><div class=\"rt-col-md-12 rt-col-sm-6 rt-col-xs-12 even-grid-item rt-grid-item\" data-id=\"4498\"><div class=\"rt-holder\"><div class=\"rt-row\"><div class='rt-col-sm-2 rt-col-xs-12 '><div class=\"rt-img-holder\"><a data-id='4498' class='' href='https:\/\/ciofs.info\/es\/2022\/09\/17\/guidelines-for-celebrating-5-franciscan-centenaries-2023-2026\/'><img loading=\"lazy\" decoding=\"async\" width=\"150\" height=\"150\" src=\"https:\/\/ciofs.info\/wp-content\/uploads\/2022\/09\/1Band_of_Brothers-crop-150x150.jpg\" class=\"rt-img-responsive \" alt=\"St. Francis\" \/><\/a><\/div><\/div><div class='rt-col-sm-10 rt-col-xs-12 '><div class='rt-detail'><h2 class=\"entry-title\"><a data-id=\"4498\" class=\"\" href=\"https:\/\/ciofs.info\/es\/2022\/09\/17\/guidelines-for-celebrating-5-franciscan-centenaries-2023-2026\/\">Lineamientos para Celebrar 5 Centenarios Franciscanos 2023-2026<\/a><\/h2><div class='post-meta-user '><span class='date-meta'><i class='far fa-calendar-alt '><\/i>September 17, 2022<\/span><span class='author'><i class='fa fa-user '><\/i><a href=\"https:\/\/ciofs.info\/es\/author\/robert\/\">robert<\/a><\/span><span class='categories-links'><i class='fas fa-folder-open '><\/i><a class=\"8th-centenary-events\" href=\"https:\/\/ciofs.info\/es\/category\/projects\/8th-centenary-events\/\" rel=\"tag\">8th Centenary Events<\/a><span class=\"rt-separator\">,<\/span><a class=\"circulars-other-documents\" href=\"https:\/\/ciofs.info\/es\/category\/library\/circulars-other-documents\/\" rel=\"tag\">Circulars \/ Other Documents<\/a><span class=\"rt-separator\">,<\/span><a class=\"news\" href=\"https:\/\/ciofs.info\/es\/category\/news\/\" rel=\"tag\">News<\/a><\/span><\/div><div class='tpg-excerpt'>Carta que acompa\u00f1a a la grilla tem\u00e1tica Grilla tem\u00e1tica Folleto de directrices de la Conferencia de la Familia Franciscana Imagen en la parte superior de una pintura de Howard Schroeder, OFS...<\/div><span class='read-more '><a data-id='4498' class='' href='https:\/\/ciofs.info\/es\/2022\/09\/17\/guidelines-for-celebrating-5-franciscan-centenaries-2023-2026\/'>Read More<\/a><\/span><\/div><\/div><\/div><\/div><\/div><div class=\"rt-col-md-12 rt-col-sm-6 rt-col-xs-12 even-grid-item rt-grid-item\" data-id=\"4451\"><div class=\"rt-holder\"><div class=\"rt-row\"><div class='rt-col-sm-2 rt-col-xs-12 '><div class=\"rt-img-holder\"><a data-id='4451' class='' href='https:\/\/ciofs.info\/es\/2022\/06\/06\/ask-for-the-gifts-of-the-holy-spirit\/'><img loading=\"lazy\" decoding=\"async\" width=\"150\" height=\"150\" src=\"https:\/\/ciofs.info\/wp-content\/uploads\/2022\/06\/1Pray-horizontal-1172530244-crop-1500px-150x150.jpg\" class=\"rt-img-responsive \" alt=\"Praying\" \/><\/a><\/div><\/div><div class='rt-col-sm-10 rt-col-xs-12 '><div class='rt-detail'><h2 class=\"entry-title\"><a data-id=\"4451\" class=\"\" href=\"https:\/\/ciofs.info\/es\/2022\/06\/06\/ask-for-the-gifts-of-the-holy-spirit\/\">Pide los dones del Esp\u00edritu Santo<\/a><\/h2><div class='post-meta-user '><span class='date-meta'><i class='far fa-calendar-alt '><\/i>June 6, 2022<\/span><span class='author'><i class='fa fa-user '><\/i><a href=\"https:\/\/ciofs.info\/es\/author\/robert\/\">robert<\/a><\/span><span class='categories-links'><i class='fas fa-folder-open '><\/i><a class=\"circulars-other-documents\" href=\"https:\/\/ciofs.info\/es\/category\/library\/circulars-other-documents\/\" rel=\"tag\">Circulars \/ Other Documents<\/a><span class=\"rt-separator\">,<\/span><a class=\"main-page\" href=\"https:\/\/ciofs.info\/es\/category\/main-page\/\" rel=\"tag\">Main Page<\/a><span class=\"rt-separator\">,<\/span><a class=\"news\" href=\"https:\/\/ciofs.info\/es\/category\/news\/\" rel=\"tag\">News<\/a><\/span><\/div><div class='tpg-excerpt'>...<\/div><span class='read-more '><a data-id='4451' class='' href='https:\/\/ciofs.info\/es\/2022\/06\/06\/ask-for-the-gifts-of-the-holy-spirit\/'>Read More<\/a><\/span><\/div><\/div><\/div><\/div><\/div><div class=\"rt-col-md-12 rt-col-sm-6 rt-col-xs-12 even-grid-item rt-grid-item\" data-id=\"4406\"><div class=\"rt-holder\"><div class=\"rt-row\"><div class='rt-col-sm-2 rt-col-xs-12 '><div class=\"rt-img-holder\"><a data-id='4406' class='' href='https:\/\/ciofs.info\/es\/2022\/04\/13\/easter-message-keeping-our-eyes-on-jesus-is-the-answer\/'><img loading=\"lazy\" decoding=\"async\" width=\"150\" height=\"150\" src=\"https:\/\/ciofs.info\/wp-content\/uploads\/2021\/11\/1Tibor_0151-400px-150x150.jpg\" class=\"rt-img-responsive \" alt=\"Tibor Kauser\" \/><\/a><\/div><\/div><div class='rt-col-sm-10 rt-col-xs-12 '><div class='rt-detail'><h2 class=\"entry-title\"><a data-id=\"4406\" class=\"\" href=\"https:\/\/ciofs.info\/es\/2022\/04\/13\/easter-message-keeping-our-eyes-on-jesus-is-the-answer\/\">Mensaje de Pascua: Mantener la mirada en Jes\u00fas es la respuesta<\/a><\/h2><div class='post-meta-user '><span class='date-meta'><i class='far fa-calendar-alt '><\/i>April 13, 2022<\/span><span class='author'><i class='fa fa-user '><\/i><a href=\"https:\/\/ciofs.info\/es\/author\/robert\/\">robert<\/a><\/span><span class='categories-links'><i class='fas fa-folder-open '><\/i><a class=\"circulars-other-documents\" href=\"https:\/\/ciofs.info\/es\/category\/library\/circulars-other-documents\/\" rel=\"tag\">Circulars \/ Other Documents<\/a><span class=\"rt-separator\">,<\/span><a class=\"news\" href=\"https:\/\/ciofs.info\/es\/category\/news\/\" rel=\"tag\">News<\/a><\/span><\/div><div class='tpg-excerpt'>...<\/div><span class='read-more '><a data-id='4406' class='' href='https:\/\/ciofs.info\/es\/2022\/04\/13\/easter-message-keeping-our-eyes-on-jesus-is-the-answer\/'>Read More<\/a><\/span><\/div><\/div><\/div><\/div><\/div><div class=\"rt-col-md-12 rt-col-sm-6 rt-col-xs-12 even-grid-item rt-grid-item\" data-id=\"4388\"><div class=\"rt-holder\"><div class=\"rt-row\"><div class='rt-col-sm-2 rt-col-xs-12 '><div class=\"rt-img-holder\"><a data-id='4388' class='' href='https:\/\/ciofs.info\/es\/2022\/03\/12\/ciofs-establishes-fund-for-ukraine-ofs-and-shares-banking-information-to-help-refugees\/'><img loading=\"lazy\" decoding=\"async\" width=\"150\" height=\"150\" src=\"https:\/\/ciofs.info\/wp-content\/uploads\/2022\/02\/CIOFS-logo1-150x150.gif\" class=\"rt-img-responsive \" alt=\"CIOFS emblem\" \/><\/a><\/div><\/div><div class='rt-col-sm-10 rt-col-xs-12 '><div class='rt-detail'><h2 class=\"entry-title\"><a data-id=\"4388\" class=\"\" href=\"https:\/\/ciofs.info\/es\/2022\/03\/12\/ciofs-establishes-fund-for-ukraine-ofs-and-shares-banking-information-to-help-refugees\/\">CIOFS establece un fondo para Ucrania y comparte informaci\u00f3n bancaria para ayudar a los refugiados<\/a><\/h2><div class='post-meta-user '><span class='date-meta'><i class='far fa-calendar-alt '><\/i>March 12, 2022<\/span><span class='author'><i class='fa fa-user '><\/i><a href=\"https:\/\/ciofs.info\/es\/author\/robert\/\">robert<\/a><\/span><span class='categories-links'><i class='fas fa-folder-open '><\/i><a class=\"circulars-other-documents\" href=\"https:\/\/ciofs.info\/es\/category\/library\/circulars-other-documents\/\" rel=\"tag\">Circulars \/ Other Documents<\/a><span class=\"rt-separator\">,<\/span><a class=\"main-page\" href=\"https:\/\/ciofs.info\/es\/category\/main-page\/\" rel=\"tag\">Main Page<\/a><span class=\"rt-separator\">,<\/span><a class=\"news\" href=\"https:\/\/ciofs.info\/es\/category\/news\/\" rel=\"tag\">News<\/a><\/span><\/div><div class='tpg-excerpt'>INFORMACI\u00d3N BANCARIA PARA DONAR...<\/div><span class='read-more '><a data-id='4388' class='' href='https:\/\/ciofs.info\/es\/2022\/03\/12\/ciofs-establishes-fund-for-ukraine-ofs-and-shares-banking-information-to-help-refugees\/'>Read More<\/a><\/span><\/div><\/div><\/div><\/div><\/div><div class=\"rt-col-md-12 rt-col-sm-6 rt-col-xs-12 even-grid-item rt-grid-item\" data-id=\"4362\"><div class=\"rt-holder\"><div class=\"rt-row\"><div class='rt-col-sm-2 rt-col-xs-12 '><div class=\"rt-img-holder\"><a data-id='4362' class='' href='https:\/\/ciofs.info\/es\/2022\/02\/26\/letter-of-peace-and-solidarity-to-ofs-in-ukraine\/'><img loading=\"lazy\" decoding=\"async\" width=\"150\" height=\"150\" src=\"https:\/\/ciofs.info\/wp-content\/uploads\/2022\/02\/1peace-dover-grunge-pattern-1368720986-300px-150x150.jpg\" class=\"rt-img-responsive \" alt=\"peace dove\" \/><\/a><\/div><\/div><div class='rt-col-sm-10 rt-col-xs-12 '><div class='rt-detail'><h2 class=\"entry-title\"><a data-id=\"4362\" class=\"\" href=\"https:\/\/ciofs.info\/es\/2022\/02\/26\/letter-of-peace-and-solidarity-to-ofs-in-ukraine\/\">Carta de Paz y Solidaridad a la OFS en Ucrania<\/a><\/h2><div class='post-meta-user '><span class='date-meta'><i class='far fa-calendar-alt '><\/i>February 26, 2022<\/span><span class='author'><i class='fa fa-user '><\/i><a href=\"https:\/\/ciofs.info\/es\/author\/robert\/\">robert<\/a><\/span><span class='categories-links'><i class='fas fa-folder-open '><\/i><a class=\"circulars-other-documents\" href=\"https:\/\/ciofs.info\/es\/category\/library\/circulars-other-documents\/\" rel=\"tag\">Circulars \/ Other Documents<\/a><span class=\"rt-separator\">,<\/span><a class=\"news\" href=\"https:\/\/ciofs.info\/es\/category\/news\/\" rel=\"tag\">News<\/a><\/span><\/div><div class='tpg-excerpt'>Queridos hermanos y hermanas, ayer publicamos una carta de nuestro Ministro general en la que nos llama a rezar por la paz el Mi\u00e9rcoles de Ceniza. Esta otra carta que publicamos aqu\u00ed es un mensaje de solidaridad con los hermanos y hermanas de Ucrania. \u00a1Manteng\u00e1moslos en nuestras oraciones en este momento dif\u00edcil!...<\/div><span class='read-more '><a data-id='4362' class='' href='https:\/\/ciofs.info\/es\/2022\/02\/26\/letter-of-peace-and-solidarity-to-ofs-in-ukraine\/'>Read More<\/a><\/span><\/div><\/div><\/div><\/div><\/div><div class=\"rt-col-md-12 rt-col-sm-6 rt-col-xs-12 even-grid-item rt-grid-item\" data-id=\"4352\"><div class=\"rt-holder\"><div class=\"rt-row\"><div class='rt-col-sm-2 rt-col-xs-12 '><div class=\"rt-img-holder\"><a data-id='4352' class='' href='https:\/\/ciofs.info\/es\/2022\/02\/25\/letter-to-ofs-pray-for-peace-in-ukraine\/'><img loading=\"lazy\" decoding=\"async\" width=\"150\" height=\"150\" src=\"https:\/\/ciofs.info\/wp-content\/uploads\/2022\/02\/CIOFS-logo1-150x150.gif\" class=\"rt-img-responsive \" alt=\"CIOFS emblem\" \/><\/a><\/div><\/div><div class='rt-col-sm-10 rt-col-xs-12 '><div class='rt-detail'><h2 class=\"entry-title\"><a data-id=\"4352\" class=\"\" href=\"https:\/\/ciofs.info\/es\/2022\/02\/25\/letter-to-ofs-pray-for-peace-in-ukraine\/\">Carta a la OFS: Ore por la paz en Ucrania<\/a><\/h2><div class='post-meta-user '><span class='date-meta'><i class='far fa-calendar-alt '><\/i>February 25, 2022<\/span><span class='author'><i class='fa fa-user '><\/i><a href=\"https:\/\/ciofs.info\/es\/author\/robert\/\">robert<\/a><\/span><span class='categories-links'><i class='fas fa-folder-open '><\/i><a class=\"circulars-other-documents\" href=\"https:\/\/ciofs.info\/es\/category\/library\/circulars-other-documents\/\" rel=\"tag\">Circulars \/ Other Documents<\/a><span class=\"rt-separator\">,<\/span><a class=\"news\" href=\"https:\/\/ciofs.info\/es\/category\/news\/\" rel=\"tag\">News<\/a><\/span><\/div><div class='tpg-excerpt'>...<\/div><span class='read-more '><a data-id='4352' class='' href='https:\/\/ciofs.info\/es\/2022\/02\/25\/letter-to-ofs-pray-for-peace-in-ukraine\/'>Read More<\/a><\/span><\/div><\/div><\/div><\/div><\/div><div class=\"rt-col-md-12 rt-col-sm-6 rt-col-xs-12 even-grid-item rt-grid-item\" data-id=\"3497\"><div class=\"rt-holder\"><div class=\"rt-row\"><div class='rt-col-sm-2 rt-col-xs-12 '><div class=\"rt-img-holder\"><a data-id='3497' class='' href='https:\/\/ciofs.info\/es\/2021\/05\/20\/general-ministers-pentecost-message-the-spirit-of-power-of-self-control-of-love\/'><img loading=\"lazy\" decoding=\"async\" width=\"150\" height=\"150\" src=\"https:\/\/ciofs.info\/wp-content\/uploads\/2021\/05\/1DoveSunbeams1150120893-150x150.jpg\" class=\"rt-img-responsive \" alt=\"Dove in sunbeams - iStockphoto\" \/><\/a><\/div><\/div><div class='rt-col-sm-10 rt-col-xs-12 '><div class='rt-detail'><h2 class=\"entry-title\"><a data-id=\"3497\" class=\"\" href=\"https:\/\/ciofs.info\/es\/2021\/05\/20\/general-ministers-pentecost-message-the-spirit-of-power-of-self-control-of-love\/\">Mensaje de Pentecost\u00e9s del Ministro general: el esp\u00edritu de Fortaleza, de templanza, de caridad (amor)<\/a><\/h2><div class='post-meta-user '><span class='date-meta'><i class='far fa-calendar-alt '><\/i>May 20, 2021<\/span><span class='author'><i class='fa fa-user '><\/i><a href=\"https:\/\/ciofs.info\/es\/author\/robert\/\">robert<\/a><\/span><span class='categories-links'><i class='fas fa-folder-open '><\/i><a class=\"circulars-other-documents\" href=\"https:\/\/ciofs.info\/es\/category\/library\/circulars-other-documents\/\" rel=\"tag\">Circulars \/ Other Documents<\/a><span class=\"rt-separator\">,<\/span><a class=\"main-page\" href=\"https:\/\/ciofs.info\/es\/category\/main-page\/\" rel=\"tag\">Main Page<\/a><span class=\"rt-separator\">,<\/span><a class=\"news\" href=\"https:\/\/ciofs.info\/es\/category\/news\/\" rel=\"tag\">News<\/a><\/span><\/div><div class='tpg-excerpt'>&nbsp; Leer el mensaje: ES Pentecostes 2021...<\/div><span class='read-more '><a data-id='3497' class='' href='https:\/\/ciofs.info\/es\/2021\/05\/20\/general-ministers-pentecost-message-the-spirit-of-power-of-self-control-of-love\/'>Read More<\/a><\/span><\/div><\/div><\/div><\/div><\/div><div class=\"rt-col-md-12 rt-col-sm-6 rt-col-xs-12 even-grid-item rt-grid-item\" data-id=\"3373\"><div class=\"rt-holder\"><div class=\"rt-row\"><div class='rt-col-sm-2 rt-col-xs-12 '><div class=\"rt-img-holder\"><a data-id='3373' class='' href='https:\/\/ciofs.info\/es\/2021\/03\/02\/circular-letter-reflections-on-memoriale-propositi-becoming-available\/'><img loading=\"lazy\" decoding=\"async\" width=\"150\" height=\"147\" src=\"https:\/\/ciofs.info\/wp-content\/uploads\/2019\/05\/ofs_em-65x64.png\" class=\"rt-img-responsive \" alt=\"ofs emblem\" \/><\/a><\/div><\/div><div class='rt-col-sm-10 rt-col-xs-12 '><div class='rt-detail'><h2 class=\"entry-title\"><a data-id=\"3373\" class=\"\" href=\"https:\/\/ciofs.info\/es\/2021\/03\/02\/circular-letter-reflections-on-memoriale-propositi-becoming-available\/\">Carta circular: Reflexiones sobre la disponibilidad de Memoriale Propositi<\/a><\/h2><div class='post-meta-user '><span class='date-meta'><i class='far fa-calendar-alt '><\/i>March 2, 2021<\/span><span class='author'><i class='fa fa-user '><\/i><a href=\"https:\/\/ciofs.info\/es\/author\/robert\/\">robert<\/a><\/span><span class='categories-links'><i class='fas fa-folder-open '><\/i><a class=\"circulars-other-documents\" href=\"https:\/\/ciofs.info\/es\/category\/library\/circulars-other-documents\/\" rel=\"tag\">Circulars \/ Other Documents<\/a><span class=\"rt-separator\">,<\/span><a class=\"library\" href=\"https:\/\/ciofs.info\/es\/category\/library\/\" rel=\"tag\">Library<\/a><span class=\"rt-separator\">,<\/span><a class=\"main-page\" href=\"https:\/\/ciofs.info\/es\/category\/main-page\/\" rel=\"tag\">Main Page<\/a><span class=\"rt-separator\">,<\/span><a class=\"news\" href=\"https:\/\/ciofs.info\/es\/category\/news\/\" rel=\"tag\">News<\/a><\/span><\/div><div class='tpg-excerpt'>ES Memoriale propositi &#8211; carta material de formaci\u0e02n_febrero 2021\u00a0 (PDF) Vea la p\u00e1gina de Memoriale Propositi para ver el video mensaje de Tibor y la primera reflexi\u00f3n...<\/div><span class='read-more '><a data-id='3373' class='' href='https:\/\/ciofs.info\/es\/2021\/03\/02\/circular-letter-reflections-on-memoriale-propositi-becoming-available\/'>Read More<\/a><\/span><\/div><\/div><\/div><\/div><\/div><div class=\"rt-col-md-12 rt-col-sm-6 rt-col-xs-12 even-grid-item rt-grid-item\" data-id=\"3302\"><div class=\"rt-holder\"><div class=\"rt-row\"><div class='rt-col-sm-2 rt-col-xs-12 '><div class=\"rt-img-holder\"><a data-id='3302' class='' href='https:\/\/ciofs.info\/es\/2021\/01\/23\/celebrating-800-years-of-memoriale-propositi\/'><img loading=\"lazy\" decoding=\"async\" width=\"150\" height=\"147\" src=\"https:\/\/ciofs.info\/wp-content\/uploads\/2019\/05\/ofs_em-65x64.png\" class=\"rt-img-responsive \" alt=\"ofs emblem\" \/><\/a><\/div><\/div><div class='rt-col-sm-10 rt-col-xs-12 '><div class='rt-detail'><h2 class=\"entry-title\"><a data-id=\"3302\" class=\"\" href=\"https:\/\/ciofs.info\/es\/2021\/01\/23\/celebrating-800-years-of-memoriale-propositi\/\">Celebrando 800 a\u00f1os de &#8216;Memoriale Propositi&#8217;<\/a><\/h2><div class='post-meta-user '><span class='date-meta'><i class='far fa-calendar-alt '><\/i>January 23, 2021<\/span><span class='author'><i class='fa fa-user '><\/i><a href=\"https:\/\/ciofs.info\/es\/author\/robert\/\">robert<\/a><\/span><span class='categories-links'><i class='fas fa-folder-open '><\/i><a class=\"circulars-other-documents\" href=\"https:\/\/ciofs.info\/es\/category\/library\/circulars-other-documents\/\" rel=\"tag\">Circulars \/ Other Documents<\/a><span class=\"rt-separator\">,<\/span><a class=\"main-page\" href=\"https:\/\/ciofs.info\/es\/category\/main-page\/\" rel=\"tag\">Main Page<\/a><span class=\"rt-separator\">,<\/span><a class=\"news\" href=\"https:\/\/ciofs.info\/es\/category\/news\/\" rel=\"tag\">News<\/a><\/span><\/div><div class='tpg-excerpt'>ES Celebracion de los 800 anos del Memoriale Propositi &#8211; carta (PDF)...<\/div><span class='read-more '><a data-id='3302' class='' href='https:\/\/ciofs.info\/es\/2021\/01\/23\/celebrating-800-years-of-memoriale-propositi\/'>Read More<\/a><\/span><\/div><\/div><\/div><\/div><\/div><div class=\"rt-col-md-12 rt-col-sm-6 rt-col-xs-12 even-grid-item rt-grid-item\" data-id=\"3269\"><div class=\"rt-holder\"><div class=\"rt-row\"><div class='rt-col-sm-2 rt-col-xs-12 '><div class=\"rt-img-holder\"><a data-id='3269' class='' href='https:\/\/ciofs.info\/es\/2021\/01\/13\/revised-translations-of-official-documents\/'><img loading=\"lazy\" decoding=\"async\" width=\"150\" height=\"150\" src=\"https:\/\/ciofs.info\/wp-content\/uploads\/2021\/01\/CIOFS-logo-letterhead-150x150.jpg\" class=\"rt-img-responsive \" alt=\"CIOFS logo\" \/><\/a><\/div><\/div><div class='rt-col-sm-10 rt-col-xs-12 '><div class='rt-detail'><h2 class=\"entry-title\"><a data-id=\"3269\" class=\"\" href=\"https:\/\/ciofs.info\/es\/2021\/01\/13\/revised-translations-of-official-documents\/\">Traducciones revisadas de documentos oficiales<\/a><\/h2><div class='post-meta-user '><span class='date-meta'><i class='far fa-calendar-alt '><\/i>January 13, 2021<\/span><span class='author'><i class='fa fa-user '><\/i><a href=\"https:\/\/ciofs.info\/es\/author\/robert\/\">robert<\/a><\/span><span class='categories-links'><i class='fas fa-folder-open '><\/i><a class=\"circulars-other-documents\" href=\"https:\/\/ciofs.info\/es\/category\/library\/circulars-other-documents\/\" rel=\"tag\">Circulars \/ Other Documents<\/a><span class=\"rt-separator\">,<\/span><a class=\"main-page\" href=\"https:\/\/ciofs.info\/es\/category\/main-page\/\" rel=\"tag\">Main Page<\/a><span class=\"rt-separator\">,<\/span><a class=\"news\" href=\"https:\/\/ciofs.info\/es\/category\/news\/\" rel=\"tag\">News<\/a><\/span><\/div><div class='tpg-excerpt'>De la carta del ministro general: La Regla, las Constituciones Generales y el Ritual son los documentos oficiales y vitales de nuestra Orden Franciscana Seglar. Ellos no son libros de simple lectura o de regulaciones jur\u00eddicas, pero son principios rectores para vivir nuestra vocaci\u00f3n As\u00ed que hay una muy buena raz\u00f3n para amar, estudiar y...<\/div><span class='read-more '><a data-id='3269' class='' href='https:\/\/ciofs.info\/es\/2021\/01\/13\/revised-translations-of-official-documents\/'>Read More<\/a><\/span><\/div><\/div><\/div><\/div><\/div><div class=\"rt-col-md-12 rt-col-sm-6 rt-col-xs-12 even-grid-item rt-grid-item\" data-id=\"3034\"><div class=\"rt-holder\"><div class=\"rt-row\"><div class='rt-col-sm-2 rt-col-xs-12 '><div class=\"rt-img-holder\"><a data-id='3034' class='' href='https:\/\/ciofs.info\/es\/2020\/12\/21\/la-speranza-e-audace-lettera-di-natale-dei-ministri-generali-francescani\/'><img loading=\"lazy\" decoding=\"async\" width=\"150\" height=\"150\" src=\"https:\/\/ciofs.info\/wp-content\/uploads\/2020\/12\/1Nativity-Creccio-150x150.jpg\" class=\"rt-img-responsive \" alt=\"\" \/><\/a><\/div><\/div><div class='rt-col-sm-10 rt-col-xs-12 '><div class='rt-detail'><h2 class=\"entry-title\"><a data-id=\"3034\" class=\"\" href=\"https:\/\/ciofs.info\/es\/2020\/12\/21\/la-speranza-e-audace-lettera-di-natale-dei-ministri-generali-francescani\/\">&#8216; \u00a1La esperanza es audaz! &#8216; Carta de Navidad de los Ministros generales franciscanos<\/a><\/h2><div class='post-meta-user '><span class='date-meta'><i class='far fa-calendar-alt '><\/i>December 21, 2020<\/span><span class='author'><i class='fa fa-user '><\/i><a href=\"https:\/\/ciofs.info\/es\/author\/robert\/\">robert<\/a><\/span><span class='categories-links'><i class='fas fa-folder-open '><\/i><a class=\"circulars-other-documents\" href=\"https:\/\/ciofs.info\/es\/category\/library\/circulars-other-documents\/\" rel=\"tag\">Circulars \/ Other Documents<\/a><span class=\"rt-separator\">,<\/span><a class=\"main-page\" href=\"https:\/\/ciofs.info\/es\/category\/main-page\/\" rel=\"tag\">Main Page<\/a><span class=\"rt-separator\">,<\/span><a class=\"news\" href=\"https:\/\/ciofs.info\/es\/category\/news\/\" rel=\"tag\">News<\/a><\/span><\/div><div class='tpg-excerpt'>Como un ruto de una estrecha colaboraci\u00f3n fraterna y de una experiencia viva de pertenencia a la misma Familia Franciscana, los Ministros Generales Franciscanos env\u00edan esta carta de Navidad a todos los miembros de la Familia Franciscana mundial. En \u00e9l han trabajado hermanas y hermanos seglares y religiosos de toda la Familia Franciscana y ahora...<\/div><span class='read-more '><a data-id='3034' class='' href='https:\/\/ciofs.info\/es\/2020\/12\/21\/la-speranza-e-audace-lettera-di-natale-dei-ministri-generali-francescani\/'>Read More<\/a><\/span><\/div><\/div><\/div><\/div><\/div><div class=\"rt-col-md-12 rt-col-sm-6 rt-col-xs-12 even-grid-item rt-grid-item\" data-id=\"2958\"><div class=\"rt-holder\"><div class=\"rt-row\"><div class='rt-col-sm-2 rt-col-xs-12 '><div class=\"rt-img-holder\"><a data-id='2958' class='' href='https:\/\/ciofs.info\/es\/2020\/11\/27\/franciscan-crown-rosary\/'><img loading=\"lazy\" decoding=\"async\" width=\"150\" height=\"150\" src=\"https:\/\/ciofs.info\/wp-content\/uploads\/2020\/11\/1rosary-pray-sky-1253625145-1600px-150x150.jpg\" class=\"rt-img-responsive \" alt=\"praying\" \/><\/a><\/div><\/div><div class='rt-col-sm-10 rt-col-xs-12 '><div class='rt-detail'><h2 class=\"entry-title\"><a data-id=\"2958\" class=\"\" href=\"https:\/\/ciofs.info\/es\/2020\/11\/27\/franciscan-crown-rosary\/\">la Corona ser\u00e1fica<\/a><\/h2><div class='post-meta-user '><span class='date-meta'><i class='far fa-calendar-alt '><\/i>November 27, 2020<\/span><span class='author'><i class='fa fa-user '><\/i><a href=\"https:\/\/ciofs.info\/es\/author\/robert\/\">robert<\/a><\/span><span class='categories-links'><i class='fas fa-folder-open '><\/i><a class=\"circulars-other-documents\" href=\"https:\/\/ciofs.info\/es\/category\/library\/circulars-other-documents\/\" rel=\"tag\">Circulars \/ Other Documents<\/a><span class=\"rt-separator\">,<\/span><a class=\"library\" href=\"https:\/\/ciofs.info\/es\/category\/library\/\" rel=\"tag\">Library<\/a><span class=\"rt-separator\">,<\/span><a class=\"main-page\" href=\"https:\/\/ciofs.info\/es\/category\/main-page\/\" rel=\"tag\">Main Page<\/a><span class=\"rt-separator\">,<\/span><a class=\"news\" href=\"https:\/\/ciofs.info\/es\/category\/news\/\" rel=\"tag\">News<\/a><\/span><\/div><div class='tpg-excerpt'>Historia y c\u00f3mo rezar ES Corona serafica &#8211; Como rezar...<\/div><span class='read-more '><a data-id='2958' class='' href='https:\/\/ciofs.info\/es\/2020\/11\/27\/franciscan-crown-rosary\/'>Read More<\/a><\/span><\/div><\/div><\/div><\/div><\/div><div class=\"rt-col-md-12 rt-col-sm-6 rt-col-xs-12 even-grid-item rt-grid-item\" data-id=\"2932\"><div class=\"rt-holder\"><div class=\"rt-row\"><div class='rt-col-sm-2 rt-col-xs-12 '><div class=\"rt-img-holder\"><a data-id='2932' class='' href='https:\/\/ciofs.info\/es\/2020\/11\/19\/journee-mondiale-de-priere-le-29-novembre-pour-lordre-franciscain-seculier-et-la-jeunesse-franciscaine\/'><img loading=\"lazy\" decoding=\"async\" width=\"150\" height=\"147\" src=\"https:\/\/ciofs.info\/wp-content\/uploads\/2019\/05\/ofs_em-65x64.png\" class=\"rt-img-responsive \" alt=\"ofs emblem\" \/><\/a><\/div><\/div><div class='rt-col-sm-10 rt-col-xs-12 '><div class='rt-detail'><h2 class=\"entry-title\"><a data-id=\"2932\" class=\"\" href=\"https:\/\/ciofs.info\/es\/2020\/11\/19\/journee-mondiale-de-priere-le-29-novembre-pour-lordre-franciscain-seculier-et-la-jeunesse-franciscaine\/\">Jornada mundial de oraci\u00f3n el 29 de noviembre para la Orden Franciscana Seglar y la Juventud Franciscana<\/a><\/h2><div class='post-meta-user '><span class='date-meta'><i class='far fa-calendar-alt '><\/i>November 19, 2020<\/span><span class='author'><i class='fa fa-user '><\/i><a href=\"https:\/\/ciofs.info\/es\/author\/robert\/\">robert<\/a><\/span><span class='categories-links'><i class='fas fa-folder-open '><\/i><a class=\"circulars-other-documents\" href=\"https:\/\/ciofs.info\/es\/category\/library\/circulars-other-documents\/\" rel=\"tag\">Circulars \/ Other Documents<\/a><span class=\"rt-separator\">,<\/span><a class=\"library\" href=\"https:\/\/ciofs.info\/es\/category\/library\/\" rel=\"tag\">Library<\/a><span class=\"rt-separator\">,<\/span><a class=\"news\" href=\"https:\/\/ciofs.info\/es\/category\/news\/\" rel=\"tag\">News<\/a><\/span><\/div><div class='tpg-excerpt'>Con el impacto continuo de la pandemia, el ministro general Tibor Kauser pide un d\u00eda mundial de oraci\u00f3n por la Orden Franciscana Seglar y la Juventud Franciscana el 29 de noviembre de 2020. (Reza la Corona Ser\u00e1fica.) Lea su carta circular: ES Dia de oracion 29 nov 2020 &#8211; carta ES Corona serafica &#8211; Como...<\/div><span class='read-more '><a data-id='2932' class='' href='https:\/\/ciofs.info\/es\/2020\/11\/19\/journee-mondiale-de-priere-le-29-novembre-pour-lordre-franciscain-seculier-et-la-jeunesse-franciscaine\/'>Read More<\/a><\/span><\/div><\/div><\/div><\/div><\/div><div class=\"rt-col-md-12 rt-col-sm-6 rt-col-xs-12 even-grid-item rt-grid-item\" data-id=\"2809\"><div class=\"rt-holder\"><div class=\"rt-row\"><div class='rt-col-sm-2 rt-col-xs-12 '><div class=\"rt-img-holder\"><a data-id='2809' class='' href='https:\/\/ciofs.info\/es\/2020\/10\/03\/secular-franciscans-in-beirut-need-help-due-to-explosion\/'><img loading=\"lazy\" decoding=\"async\" width=\"150\" height=\"150\" src=\"https:\/\/ciofs.info\/wp-content\/uploads\/2020\/10\/1Tibor-Kauser-2020-150x150.jpg\" class=\"rt-img-responsive \" alt=\"Minister General Tibor Kauser\" \/><\/a><\/div><\/div><div class='rt-col-sm-10 rt-col-xs-12 '><div class='rt-detail'><h2 class=\"entry-title\"><a data-id=\"2809\" class=\"\" href=\"https:\/\/ciofs.info\/es\/2020\/10\/03\/secular-franciscans-in-beirut-need-help-due-to-explosion\/\">Franciscanos seglares en Beirut necesitan ayuda debido a la explosi\u00f3n<\/a><\/h2><div class='post-meta-user '><span class='date-meta'><i class='far fa-calendar-alt '><\/i>October 3, 2020<\/span><span class='author'><i class='fa fa-user '><\/i><a href=\"https:\/\/ciofs.info\/es\/author\/robert\/\">robert<\/a><\/span><span class='categories-links'><i class='fas fa-folder-open '><\/i><a class=\"circulars-other-documents\" href=\"https:\/\/ciofs.info\/es\/category\/library\/circulars-other-documents\/\" rel=\"tag\">Circulars \/ Other Documents<\/a><span class=\"rt-separator\">,<\/span><a class=\"library\" href=\"https:\/\/ciofs.info\/es\/category\/library\/\" rel=\"tag\">Library<\/a><span class=\"rt-separator\">,<\/span><a class=\"main-page\" href=\"https:\/\/ciofs.info\/es\/category\/main-page\/\" rel=\"tag\">Main Page<\/a><span class=\"rt-separator\">,<\/span><a class=\"news\" href=\"https:\/\/ciofs.info\/es\/category\/news\/\" rel=\"tag\">News<\/a><\/span><\/div><div class='tpg-excerpt'>Invitaci\u00f3n a la recaudaci\u00f3n de fondos para los miembros de la OFS en Beirut que hayan sufrido da\u00f1os debido a la explosi\u00f3n del pasado mes de agosto. ES Carta del ministro general sobre el L\u00edbano...<\/div><span class='read-more '><a data-id='2809' class='' href='https:\/\/ciofs.info\/es\/2020\/10\/03\/secular-franciscans-in-beirut-need-help-due-to-explosion\/'>Read More<\/a><\/span><\/div><\/div><\/div><\/div><\/div><div class=\"rt-col-md-12 rt-col-sm-6 rt-col-xs-12 even-grid-item rt-grid-item\" data-id=\"2767\"><div class=\"rt-holder\"><div class=\"rt-row\"><div class='rt-col-sm-2 rt-col-xs-12 '><div class=\"rt-img-holder\"><a data-id='2767' class='' href='https:\/\/ciofs.info\/es\/2020\/08\/28\/message-from-ofs-presidency-hope-and-joy\/'><img loading=\"lazy\" decoding=\"async\" width=\"150\" height=\"150\" src=\"https:\/\/ciofs.info\/wp-content\/uploads\/2020\/03\/CIOFS-presidency_a88f79041e_1200px-150x150.jpg\" class=\"rt-img-responsive \" alt=\"CIOFS Presidency\" \/><\/a><\/div><\/div><div class='rt-col-sm-10 rt-col-xs-12 '><div class='rt-detail'><h2 class=\"entry-title\"><a data-id=\"2767\" class=\"\" href=\"https:\/\/ciofs.info\/es\/2020\/08\/28\/message-from-ofs-presidency-hope-and-joy\/\">Mensaje de la Presidencia OFS: esperanza y alegr\u00eda<\/a><\/h2><div class='post-meta-user '><span class='date-meta'><i class='far fa-calendar-alt '><\/i>August 28, 2020<\/span><span class='author'><i class='fa fa-user '><\/i><a href=\"https:\/\/ciofs.info\/es\/author\/robert\/\">robert<\/a><\/span><span class='categories-links'><i class='fas fa-folder-open '><\/i><a class=\"circulars-other-documents\" href=\"https:\/\/ciofs.info\/es\/category\/library\/circulars-other-documents\/\" rel=\"tag\">Circulars \/ Other Documents<\/a><span class=\"rt-separator\">,<\/span><a class=\"library\" href=\"https:\/\/ciofs.info\/es\/category\/library\/\" rel=\"tag\">Library<\/a><span class=\"rt-separator\">,<\/span><a class=\"main-page\" href=\"https:\/\/ciofs.info\/es\/category\/main-page\/\" rel=\"tag\">Main Page<\/a><span class=\"rt-separator\">,<\/span><a class=\"news\" href=\"https:\/\/ciofs.info\/es\/category\/news\/\" rel=\"tag\">News<\/a><\/span><\/div><div class='tpg-excerpt'>...<\/div><span class='read-more '><a data-id='2767' class='' href='https:\/\/ciofs.info\/es\/2020\/08\/28\/message-from-ofs-presidency-hope-and-joy\/'>Read More<\/a><\/span><\/div><\/div><\/div><\/div><\/div><div class=\"rt-col-md-12 rt-col-sm-6 rt-col-xs-12 even-grid-item rt-grid-item\" data-id=\"2557\"><div class=\"rt-holder\"><div class=\"rt-row\"><div class='rt-col-sm-2 rt-col-xs-12 '><div class=\"rt-img-holder\"><a data-id='2557' class='' href='https:\/\/ciofs.info\/es\/2020\/05\/30\/minister-generals-2020-pentecost-message\/'><img loading=\"lazy\" decoding=\"async\" width=\"150\" height=\"150\" src=\"https:\/\/ciofs.info\/wp-content\/uploads\/2020\/05\/dove-3426187crp1-narrow-150x150.jpg\" class=\"rt-img-responsive \" alt=\"Pentecost Dove\" \/><\/a><\/div><\/div><div class='rt-col-sm-10 rt-col-xs-12 '><div class='rt-detail'><h2 class=\"entry-title\"><a data-id=\"2557\" class=\"\" href=\"https:\/\/ciofs.info\/es\/2020\/05\/30\/minister-generals-2020-pentecost-message\/\">Mensaje de Pentecost\u00e9s 2020 del Ministro general<\/a><\/h2><div class='post-meta-user '><span class='date-meta'><i class='far fa-calendar-alt '><\/i>May 30, 2020<\/span><span class='author'><i class='fa fa-user '><\/i><a href=\"https:\/\/ciofs.info\/es\/author\/robert\/\">robert<\/a><\/span><span class='categories-links'><i class='fas fa-folder-open '><\/i><a class=\"circulars-other-documents\" href=\"https:\/\/ciofs.info\/es\/category\/library\/circulars-other-documents\/\" rel=\"tag\">Circulars \/ Other Documents<\/a><span class=\"rt-separator\">,<\/span><a class=\"library\" href=\"https:\/\/ciofs.info\/es\/category\/library\/\" rel=\"tag\">Library<\/a><span class=\"rt-separator\">,<\/span><a class=\"main-page\" href=\"https:\/\/ciofs.info\/es\/category\/main-page\/\" rel=\"tag\">Main Page<\/a><span class=\"rt-separator\">,<\/span><a class=\"news\" href=\"https:\/\/ciofs.info\/es\/category\/news\/\" rel=\"tag\">News<\/a><\/span><\/div><div class='tpg-excerpt'>Dios nos deja sorprendernos &#8230; La respuesta que buscamos est\u00e1 en las Buenas Nuevas. Leer el mensaje de Pentecost\u00e9s de Tibor: Pentecoste\u0301s 2020 &nbsp; Ingl\u00e9s: EN Pentecost message 2020 Italiano: IT Pentecoste messaggio 2020 Fran\u00e7ais: FR Pentecost message 2020 Portugu\u00eas: PT Mensagem de Pentecostes 2020...<\/div><span class='read-more '><a data-id='2557' class='' href='https:\/\/ciofs.info\/es\/2020\/05\/30\/minister-generals-2020-pentecost-message\/'>Read More<\/a><\/span><\/div><\/div><\/div><\/div><\/div><div class=\"rt-col-md-12 rt-col-sm-6 rt-col-xs-12 even-grid-item rt-grid-item\" data-id=\"2237\"><div class=\"rt-holder\"><div class=\"rt-row\"><div class='rt-col-sm-2 rt-col-xs-12 '><div class=\"rt-img-holder\"><a data-id='2237' class='' href='https:\/\/ciofs.info\/es\/2020\/04\/09\/easter-message-from-minister-general\/'><img loading=\"lazy\" decoding=\"async\" width=\"150\" height=\"150\" src=\"https:\/\/ciofs.info\/wp-content\/uploads\/2020\/04\/Resurrection-6423-900px-150x150.jpg\" class=\"rt-img-responsive \" alt=\"Resurrection\" \/><\/a><\/div><\/div><div class='rt-col-sm-10 rt-col-xs-12 '><div class='rt-detail'><h2 class=\"entry-title\"><a data-id=\"2237\" class=\"\" href=\"https:\/\/ciofs.info\/es\/2020\/04\/09\/easter-message-from-minister-general\/\">Mensaje de Pascua del ministro general<\/a><\/h2><div class='post-meta-user '><span class='date-meta'><i class='far fa-calendar-alt '><\/i>April 9, 2020<\/span><span class='author'><i class='fa fa-user '><\/i><a href=\"https:\/\/ciofs.info\/es\/author\/robert\/\">robert<\/a><\/span><span class='categories-links'><i class='fas fa-folder-open '><\/i><a class=\"circulars-other-documents\" href=\"https:\/\/ciofs.info\/es\/category\/library\/circulars-other-documents\/\" rel=\"tag\">Circulars \/ Other Documents<\/a><span class=\"rt-separator\">,<\/span><a class=\"library\" href=\"https:\/\/ciofs.info\/es\/category\/library\/\" rel=\"tag\">Library<\/a><span class=\"rt-separator\">,<\/span><a class=\"main-page\" href=\"https:\/\/ciofs.info\/es\/category\/main-page\/\" rel=\"tag\">Main Page<\/a><span class=\"rt-separator\">,<\/span><a class=\"news\" href=\"https:\/\/ciofs.info\/es\/category\/news\/\" rel=\"tag\">News<\/a><\/span><\/div><div class='tpg-excerpt'>&#8220;Proclame las buenas noticias&#8221;, insta al ministro general Tibor Kauser, OFS, en su mensaje de Pascua a los franciscanos seglares de todo el mundo. \u201cPara nosotros cristianos es uno de los momentos m\u00e1s alegres del a\u00f1o, porque es el momento de experimentar el hecho que la vida ha vencido la muerte.\u201d Lea su mensaje completo...<\/div><span class='read-more '><a data-id='2237' class='' href='https:\/\/ciofs.info\/es\/2020\/04\/09\/easter-message-from-minister-general\/'>Read More<\/a><\/span><\/div><\/div><\/div><\/div><\/div><div class=\"rt-col-md-12 rt-col-sm-6 rt-col-xs-12 even-grid-item rt-grid-item\" data-id=\"890\"><div class=\"rt-holder\"><div class=\"rt-row\"><div class='rt-col-sm-2 rt-col-xs-12 '><div class=\"rt-img-holder\"><a data-id='890' class='' href='https:\/\/ciofs.info\/es\/2020\/03\/20\/5th-anniversary-of-laudato-si-in-may\/'><img loading=\"lazy\" decoding=\"async\" width=\"150\" height=\"150\" src=\"https:\/\/ciofs.info\/wp-content\/uploads\/2020\/03\/dove-3426187crp1-narrow-1-150x150.jpg\" class=\"rt-img-responsive \" alt=\"doves\" \/><\/a><\/div><\/div><div class='rt-col-sm-10 rt-col-xs-12 '><div class='rt-detail'><h2 class=\"entry-title\"><a data-id=\"890\" class=\"\" href=\"https:\/\/ciofs.info\/es\/2020\/03\/20\/5th-anniversary-of-laudato-si-in-may\/\">Quinto aniversario de &#8216;Laudato Si&#8217; en mayo<\/a><\/h2><div class='post-meta-user '><span class='date-meta'><i class='far fa-calendar-alt '><\/i>March 20, 2020<\/span><span class='author'><i class='fa fa-user '><\/i><a href=\"https:\/\/ciofs.info\/es\/author\/robert\/\">robert<\/a><\/span><span class='categories-links'><i class='fas fa-folder-open '><\/i><a class=\"circulars-other-documents\" href=\"https:\/\/ciofs.info\/es\/category\/library\/circulars-other-documents\/\" rel=\"tag\">Circulars \/ Other Documents<\/a><span class=\"rt-separator\">,<\/span><a class=\"jpic\" href=\"https:\/\/ciofs.info\/es\/category\/offices\/jpic\/\" rel=\"tag\">Jpic<\/a><span class=\"rt-separator\">,<\/span><a class=\"library\" href=\"https:\/\/ciofs.info\/es\/category\/library\/\" rel=\"tag\">Library<\/a><span class=\"rt-separator\">,<\/span><a class=\"news\" href=\"https:\/\/ciofs.info\/es\/category\/news\/\" rel=\"tag\">News<\/a><\/span><\/div><div class='tpg-excerpt'>ES-Carta-Gua-para-el-estudio-de-Laudato-Si (PDF)...<\/div><span class='read-more '><a data-id='890' class='' href='https:\/\/ciofs.info\/es\/2020\/03\/20\/5th-anniversary-of-laudato-si-in-may\/'>Read More<\/a><\/span><\/div><\/div><\/div><\/div><\/div><\/div><\/div>\n","protected":false},"excerpt":{"rendered":"<p>la Corona ser\u00e1fica &nbsp;<\/p>\n","protected":false},"author":2,"featured_media":0,"parent":16,"menu_order":20,"comment_status":"closed","ping_status":"closed","template":"","meta":{"site-sidebar-layout":"no-sidebar","site-content-layout":"default","ast-site-content-layout":"default","site-content-style":"default","site-sidebar-style":"default","ast-global-header-display":"","ast-banner-title-visibility":"","ast-main-header-display":"","ast-hfb-above-header-display":"","ast-hfb-below-header-display":"","ast-hfb-mobile-header-display":"","site-post-title":"","ast-breadcrumbs-content":"","ast-featured-img":"","footer-sml-layout":"","ast-disable-related-posts":"","theme-transparent-header-meta":"default","adv-header-id-meta":"","stick-header-meta":"","header-above-stick-meta":"","header-main-stick-meta":"","header-below-stick-meta":"","astra-migrate-meta-layouts":"default","ast-page-background-enabled":"default","ast-page-background-meta":{"desktop":{"background-color":"","background-image":"","background-repeat":"repeat","background-position":"center center","background-size":"auto","background-attachment":"scroll","background-type":"","background-media":"","overlay-type":"","overlay-color":"","overlay-opacity":"","overlay-gradient":""},"tablet":{"background-color":"","background-image":"","background-repeat":"repeat","background-position":"center center","background-size":"auto","background-attachment":"scroll","background-type":"","background-media":"","overlay-type":"","overlay-color":"","overlay-opacity":"","overlay-gradient":""},"mobile":{"background-color":"","background-image":"","background-repeat":"repeat","background-position":"center center","background-size":"auto","background-attachment":"scroll","background-type":"","background-media":"","overlay-type":"","overlay-color":"","overlay-opacity":"","overlay-gradient":""}},"ast-content-background-meta":{"desktop":{"background-color":"var(--ast-global-color-5)","background-image":"","background-repeat":"repeat","background-position":"center center","background-size":"auto","background-attachment":"scroll","background-type":"","background-media":"","overlay-type":"","overlay-color":"","overlay-opacity":"","overlay-gradient":""},"tablet":{"background-color":"var(--ast-global-color-5)","background-image":"","background-repeat":"repeat","background-position":"center center","background-size":"auto","background-attachment":"scroll","background-type":"","background-media":"","overlay-type":"","overlay-color":"","overlay-opacity":"","overlay-gradient":""},"mobile":{"background-color":"var(--ast-global-color-5)","background-image":"","background-repeat":"repeat","background-position":"center center","background-size":"auto","background-attachment":"scroll","background-type":"","background-media":"","overlay-type":"","overlay-color":"","overlay-opacity":"","overlay-gradient":""}},"footnotes":""},"class_list":["post-368","page","type-page","status-publish","hentry"],"translation":{"provider":"WPGlobus","version":"3.0.2","language":"es","enabled_languages":["en","it","es","fr"],"languages":{"en":{"title":true,"content":true,"excerpt":false},"it":{"title":true,"content":true,"excerpt":false},"es":{"title":true,"content":true,"excerpt":false},"fr":{"title":true,"content":true,"excerpt":false}}},"rttpg_featured_image_url":null,"rttpg_author":{"display_name":"Luk\u00e1\u0161 Erlebach","author_link":"https:\/\/ciofs.info\/es\/author\/lukas\/"},"rttpg_comment":0,"rttpg_category":"","rttpg_excerpt":"la Corona ser\u00e1fica &nbsp;","_links":{"self":[{"href":"https:\/\/ciofs.info\/es\/wp-json\/wp\/v2\/pages\/368","targetHints":{"allow":["GET"]}}],"collection":[{"href":"https:\/\/ciofs.info\/es\/wp-json\/wp\/v2\/pages"}],"about":[{"href":"https:\/\/ciofs.info\/es\/wp-json\/wp\/v2\/types\/page"}],"author":[{"embeddable":true,"href":"https:\/\/ciofs.info\/es\/wp-json\/wp\/v2\/users\/2"}],"replies":[{"embeddable":true,"href":"https:\/\/ciofs.info\/es\/wp-json\/wp\/v2\/comments?post=368"}],"version-history":[{"count":23,"href":"https:\/\/ciofs.info\/es\/wp-json\/wp\/v2\/pages\/368\/revisions"}],"predecessor-version":[{"id":5867,"href":"https:\/\/ciofs.info\/es\/wp-json\/wp\/v2\/pages\/368\/revisions\/5867"}],"up":[{"embeddable":true,"href":"https:\/\/ciofs.info\/es\/wp-json\/wp\/v2\/pages\/16"}],"wp:attachment":[{"href":"https:\/\/ciofs.info\/es\/wp-json\/wp\/v2\/media?parent=368"}],"curies":[{"name":"wp","href":"https:\/\/api.w.org\/{rel}","templated":true}]}}